{"id":1641,"date":"2020-10-26T04:07:15","date_gmt":"2020-10-26T04:07:15","guid":{"rendered":"https:\/\/planesp.com\/en\/nuevo\/?post_type=projects&#038;p=1641"},"modified":"2021-03-18T16:56:22","modified_gmt":"2021-03-18T22:56:22","slug":"bumeran","status":"publish","type":"projects","link":"https:\/\/planesp.com\/en\/projects\/bumeran\/","title":{"rendered":"Bumeran"},"content":{"rendered":"\n<div class=\"wp-block-zd-columns row\">\n<div class=\"wp-block-zd-column col-lg\">\n<p>Redise\u00f1o Interior . Bumeran<br \/>\u00c1rea: <span class=\"has-inline-color has-4-color\">345<\/span> m2<br \/>Tiempo Proyecto &amp; Ingenier\u00edas: <span class=\"has-inline-color has-4-color\">90<\/span> d\u00edas h\u00e1biles<br \/>Tiempo Obra: <span class=\"has-inline-color has-4-color\">77<\/span> d\u00edas h\u00e1biles<br \/>A\u00f1o: <span class=\"has-inline-color has-4-color\">2013<\/span><br \/>Direcci\u00f3n: Mariano Escobedo <span class=\"has-inline-color has-4-color\">476<\/span> Torre Polanco<br \/>Piso <span class=\"has-inline-color has-4-color\">11<\/span>, Col. Nueva Anzures CDMX<\/p>\n<\/div>\n\n\n\n<div class=\"wp-block-zd-column col-lg\">\n<figure class=\"wp-block-image alignwide size-large\"><img loading=\"lazy\" decoding=\"async\" width=\"1024\" height=\"731\" src=\"https:\/\/planesp.com\/en\/wp-content\/uploads\/2020\/10\/DSC0012-copy-min-1024x731.jpg\" alt=\"\" class=\"wp-image-3230\" srcset=\"https:\/\/planesp.com\/en\/wp-content\/uploads\/2020\/10\/DSC0012-copy-min-1024x731.jpg 1024w, https:\/\/planesp.com\/en\/wp-content\/uploads\/2020\/10\/DSC0012-copy-min-300x214.jpg 300w, https:\/\/planesp.com\/en\/wp-content\/uploads\/2020\/10\/DSC0012-copy-min-768x548.jpg 768w, https:\/\/planesp.com\/en\/wp-content\/uploads\/2020\/10\/DSC0012-copy-min-1536x1097.jpg 1536w, https:\/\/planesp.com\/en\/wp-content\/uploads\/2020\/10\/DSC0012-copy-min-560x400.jpg 560w, https:\/\/planesp.com\/en\/wp-content\/uploads\/2020\/10\/DSC0012-copy-min-992x708.jpg 992w, https:\/\/planesp.com\/en\/wp-content\/uploads\/2020\/10\/DSC0012-copy-min-1170x835.jpg 1170w, https:\/\/planesp.com\/en\/wp-content\/uploads\/2020\/10\/DSC0012-copy-min.jpg 1800w\" sizes=\"auto, (max-width: 1024px) 100vw, 1024px\" \/><\/figure>\n<\/div>\n<\/div>\n\n\n\n<p>Como concepto de dise\u00f1o interior para este cliente en particular, agrupamos estaciones de trabajo tipo \u201cbench\u201d en plan abierto, con cubiertas de madera de pino hechas por nuestro equipo dando un ambiente \u201cindustrial\u201d a las oficinas. Las oficinas son lo m\u00e1s abiertas y visibles posibles, logrando as\u00ed una transparencia visual y de comunicaci\u00f3n. De esta manera aprovechamos al m\u00e1ximo la luz natural proveniente de la ventana de la fachada principal del edificio.<\/p>\n\n\n\n<figure class=\"wp-block-image alignwide size-large\"><img loading=\"lazy\" decoding=\"async\" width=\"731\" height=\"1024\" src=\"https:\/\/planesp.com\/en\/wp-content\/uploads\/2020\/10\/DSC0016-copy-min-731x1024.jpg\" alt=\"\" class=\"wp-image-3231\" srcset=\"https:\/\/planesp.com\/en\/wp-content\/uploads\/2020\/10\/DSC0016-copy-min-731x1024.jpg 731w, https:\/\/planesp.com\/en\/wp-content\/uploads\/2020\/10\/DSC0016-copy-min-214x300.jpg 214w, https:\/\/planesp.com\/en\/wp-content\/uploads\/2020\/10\/DSC0016-copy-min-768x1076.jpg 768w, https:\/\/planesp.com\/en\/wp-content\/uploads\/2020\/10\/DSC0016-copy-min-1097x1536.jpg 1097w, https:\/\/planesp.com\/en\/wp-content\/uploads\/2020\/10\/DSC0016-copy-min-1462x2048.jpg 1462w, https:\/\/planesp.com\/en\/wp-content\/uploads\/2020\/10\/DSC0016-copy-min-560x784.jpg 560w, https:\/\/planesp.com\/en\/wp-content\/uploads\/2020\/10\/DSC0016-copy-min-992x1389.jpg 992w, https:\/\/planesp.com\/en\/wp-content\/uploads\/2020\/10\/DSC0016-copy-min-1170x1639.jpg 1170w, https:\/\/planesp.com\/en\/wp-content\/uploads\/2020\/10\/DSC0016-copy-min.jpg 1800w\" sizes=\"auto, (max-width: 731px) 100vw, 731px\" \/><\/figure>\n\n\n\n<p>Por la parte inferior de esta gran mesa de trabajo corre un tabl\u00f3n a 20 cms del piso que sirve para que cada usuario coloque su archivero de cart\u00f3n ah\u00ed mientras trabaja. Al terminar la jornada de trabajo, cada usuario lleva su archivero a una zona de guardado que se encuentra a unos cuantos pasos. Los archiveros de cart\u00f3n est\u00e1n a la mano y completamente visibles. Este sistema de trabajo permite movilidad y dinamismo. No se tienen lugares asignados y permite libertad en la forma de trabajo. Adem\u00e1s de adaptarse a los cambios con mayor facilidad.<\/p>\n\n\n\n<div class=\"wp-block-zd-columns row\">\n<div class=\"wp-block-zd-column col-lg\">\n<figure class=\"wp-block-image alignwide size-large\"><img loading=\"lazy\" decoding=\"async\" width=\"1024\" height=\"732\" src=\"https:\/\/planesp.com\/en\/wp-content\/uploads\/2020\/10\/DSC0027-copy-min-1024x732.jpg\" alt=\"\" class=\"wp-image-3232\" srcset=\"https:\/\/planesp.com\/en\/wp-content\/uploads\/2020\/10\/DSC0027-copy-min-1024x732.jpg 1024w, https:\/\/planesp.com\/en\/wp-content\/uploads\/2020\/10\/DSC0027-copy-min-300x214.jpg 300w, https:\/\/planesp.com\/en\/wp-content\/uploads\/2020\/10\/DSC0027-copy-min-768x549.jpg 768w, https:\/\/planesp.com\/en\/wp-content\/uploads\/2020\/10\/DSC0027-copy-min-1536x1097.jpg 1536w, https:\/\/planesp.com\/en\/wp-content\/uploads\/2020\/10\/DSC0027-copy-min-560x400.jpg 560w, https:\/\/planesp.com\/en\/wp-content\/uploads\/2020\/10\/DSC0027-copy-min-992x709.jpg 992w, https:\/\/planesp.com\/en\/wp-content\/uploads\/2020\/10\/DSC0027-copy-min-1170x836.jpg 1170w, https:\/\/planesp.com\/en\/wp-content\/uploads\/2020\/10\/DSC0027-copy-min.jpg 1800w\" sizes=\"auto, (max-width: 1024px) 100vw, 1024px\" \/><\/figure>\n<\/div>\n\n\n\n<div class=\"wp-block-zd-column col-lg\">\n<figure class=\"wp-block-image alignwide size-large\"><img loading=\"lazy\" decoding=\"async\" width=\"1024\" height=\"680\" src=\"https:\/\/planesp.com\/en\/wp-content\/uploads\/2020\/10\/DSC0038-min-1024x680.jpg\" alt=\"\" class=\"wp-image-3233\" srcset=\"https:\/\/planesp.com\/en\/wp-content\/uploads\/2020\/10\/DSC0038-min-1024x680.jpg 1024w, https:\/\/planesp.com\/en\/wp-content\/uploads\/2020\/10\/DSC0038-min-300x199.jpg 300w, https:\/\/planesp.com\/en\/wp-content\/uploads\/2020\/10\/DSC0038-min-768x510.jpg 768w, https:\/\/planesp.com\/en\/wp-content\/uploads\/2020\/10\/DSC0038-min-1536x1021.jpg 1536w, https:\/\/planesp.com\/en\/wp-content\/uploads\/2020\/10\/DSC0038-min-560x372.jpg 560w, https:\/\/planesp.com\/en\/wp-content\/uploads\/2020\/10\/DSC0038-min-992x659.jpg 992w, https:\/\/planesp.com\/en\/wp-content\/uploads\/2020\/10\/DSC0038-min-1170x777.jpg 1170w, https:\/\/planesp.com\/en\/wp-content\/uploads\/2020\/10\/DSC0038-min.jpg 1800w\" sizes=\"auto, (max-width: 1024px) 100vw, 1024px\" \/><\/figure>\n<\/div>\n<\/div>\n\n\n\n\n\n\n\n<figure class=\"wp-block-image alignwide size-large\"><img loading=\"lazy\" decoding=\"async\" width=\"731\" height=\"1024\" src=\"https:\/\/planesp.com\/en\/wp-content\/uploads\/2020\/10\/DSC0040-copy-min-731x1024.jpg\" alt=\"\" class=\"wp-image-3234\" srcset=\"https:\/\/planesp.com\/en\/wp-content\/uploads\/2020\/10\/DSC0040-copy-min-731x1024.jpg 731w, https:\/\/planesp.com\/en\/wp-content\/uploads\/2020\/10\/DSC0040-copy-min-214x300.jpg 214w, https:\/\/planesp.com\/en\/wp-content\/uploads\/2020\/10\/DSC0040-copy-min-768x1075.jpg 768w, https:\/\/planesp.com\/en\/wp-content\/uploads\/2020\/10\/DSC0040-copy-min-1097x1536.jpg 1097w, https:\/\/planesp.com\/en\/wp-content\/uploads\/2020\/10\/DSC0040-copy-min-1463x2048.jpg 1463w, https:\/\/planesp.com\/en\/wp-content\/uploads\/2020\/10\/DSC0040-copy-min-560x784.jpg 560w, https:\/\/planesp.com\/en\/wp-content\/uploads\/2020\/10\/DSC0040-copy-min-992x1389.jpg 992w, https:\/\/planesp.com\/en\/wp-content\/uploads\/2020\/10\/DSC0040-copy-min-1170x1638.jpg 1170w, https:\/\/planesp.com\/en\/wp-content\/uploads\/2020\/10\/DSC0040-copy-min.jpg 1800w\" sizes=\"auto, (max-width: 731px) 100vw, 731px\" \/><\/figure>\n\n\n\n<div class=\"wp-block-zd-columns row\">\n<div class=\"wp-block-zd-column col-lg\"><\/div>\n\n\n\n<div class=\"wp-block-zd-column col-lg\"><\/div>\n<\/div>\n\n\n\n<figure class=\"wp-block-image alignwide size-large\"><img loading=\"lazy\" decoding=\"async\" width=\"731\" height=\"1024\" src=\"https:\/\/planesp.com\/en\/wp-content\/uploads\/2020\/10\/DSC0043-copy-min-731x1024.jpg\" alt=\"\" class=\"wp-image-3235\" srcset=\"https:\/\/planesp.com\/en\/wp-content\/uploads\/2020\/10\/DSC0043-copy-min-731x1024.jpg 731w, https:\/\/planesp.com\/en\/wp-content\/uploads\/2020\/10\/DSC0043-copy-min-214x300.jpg 214w, https:\/\/planesp.com\/en\/wp-content\/uploads\/2020\/10\/DSC0043-copy-min-768x1075.jpg 768w, https:\/\/planesp.com\/en\/wp-content\/uploads\/2020\/10\/DSC0043-copy-min-1097x1536.jpg 1097w, https:\/\/planesp.com\/en\/wp-content\/uploads\/2020\/10\/DSC0043-copy-min-1463x2048.jpg 1463w, https:\/\/planesp.com\/en\/wp-content\/uploads\/2020\/10\/DSC0043-copy-min-560x784.jpg 560w, https:\/\/planesp.com\/en\/wp-content\/uploads\/2020\/10\/DSC0043-copy-min-992x1389.jpg 992w, https:\/\/planesp.com\/en\/wp-content\/uploads\/2020\/10\/DSC0043-copy-min-1170x1638.jpg 1170w, https:\/\/planesp.com\/en\/wp-content\/uploads\/2020\/10\/DSC0043-copy-min.jpg 1800w\" sizes=\"auto, (max-width: 731px) 100vw, 731px\" \/><\/figure>\n\n\n\n<p>El piso lo hicimos de cemento pulido, y no empleamos falso plaf\u00f3n. La losa superior se qued\u00f3 aparente, pintada de negro para continuar con el car\u00e1cter de dise\u00f1o inicial. Las zonas de trabajo cuentan con una iluminaci\u00f3n adecuada.<\/p>\n\n\n\n<figure class=\"wp-block-image alignwide size-large\"><img loading=\"lazy\" decoding=\"async\" width=\"1024\" height=\"680\" src=\"https:\/\/planesp.com\/en\/wp-content\/uploads\/2020\/10\/DSC0052-min-1024x680.jpg\" alt=\"\" class=\"wp-image-3236\" srcset=\"https:\/\/planesp.com\/en\/wp-content\/uploads\/2020\/10\/DSC0052-min-1024x680.jpg 1024w, https:\/\/planesp.com\/en\/wp-content\/uploads\/2020\/10\/DSC0052-min-300x199.jpg 300w, https:\/\/planesp.com\/en\/wp-content\/uploads\/2020\/10\/DSC0052-min-768x510.jpg 768w, https:\/\/planesp.com\/en\/wp-content\/uploads\/2020\/10\/DSC0052-min-1536x1021.jpg 1536w, https:\/\/planesp.com\/en\/wp-content\/uploads\/2020\/10\/DSC0052-min-560x372.jpg 560w, https:\/\/planesp.com\/en\/wp-content\/uploads\/2020\/10\/DSC0052-min-992x659.jpg 992w, https:\/\/planesp.com\/en\/wp-content\/uploads\/2020\/10\/DSC0052-min-1170x777.jpg 1170w, https:\/\/planesp.com\/en\/wp-content\/uploads\/2020\/10\/DSC0052-min.jpg 1800w\" sizes=\"auto, (max-width: 1024px) 100vw, 1024px\" \/><\/figure>\n\n\n\n<p>Una caracter\u00edstica especial de este proyecto, es que al ingresar a las oficinas, nos encontramos con un futbolito como remate y a un costado la Recepci\u00f3n.<br \/>La entrada, Recepci\u00f3n y Sala de Juntas est\u00e1n cubiertas por una malla de alambre que permite cierta transparencia, pero a la vez ayuda para que los espacios no se sientan con tanta altura.<br \/>Aprovechamos una de las columnas del edificio que bloquea la vista al exterior para crear un phone booth con un par de de canceles de vidrio y una puerta.<\/p>\n\n\n\n<div class=\"wp-block-zd-columns row\">\n<div class=\"wp-block-zd-column col-lg\">\n<figure class=\"wp-block-image alignwide size-large\"><img loading=\"lazy\" decoding=\"async\" width=\"1024\" height=\"680\" src=\"https:\/\/planesp.com\/en\/wp-content\/uploads\/2020\/10\/DSC0056-copy-min-1024x680.jpg\" alt=\"\" class=\"wp-image-3237\" srcset=\"https:\/\/planesp.com\/en\/wp-content\/uploads\/2020\/10\/DSC0056-copy-min-1024x680.jpg 1024w, https:\/\/planesp.com\/en\/wp-content\/uploads\/2020\/10\/DSC0056-copy-min-300x199.jpg 300w, https:\/\/planesp.com\/en\/wp-content\/uploads\/2020\/10\/DSC0056-copy-min-768x510.jpg 768w, https:\/\/planesp.com\/en\/wp-content\/uploads\/2020\/10\/DSC0056-copy-min-1536x1021.jpg 1536w, https:\/\/planesp.com\/en\/wp-content\/uploads\/2020\/10\/DSC0056-copy-min-560x372.jpg 560w, https:\/\/planesp.com\/en\/wp-content\/uploads\/2020\/10\/DSC0056-copy-min-992x659.jpg 992w, https:\/\/planesp.com\/en\/wp-content\/uploads\/2020\/10\/DSC0056-copy-min-1170x777.jpg 1170w, https:\/\/planesp.com\/en\/wp-content\/uploads\/2020\/10\/DSC0056-copy-min.jpg 1800w\" sizes=\"auto, (max-width: 1024px) 100vw, 1024px\" \/><\/figure>\n<\/div>\n\n\n\n<div class=\"wp-block-zd-column col-lg\">\n<figure class=\"wp-block-image alignwide size-large\"><img loading=\"lazy\" decoding=\"async\" width=\"731\" height=\"1024\" src=\"https:\/\/planesp.com\/en\/wp-content\/uploads\/2020\/10\/DSC0058-copy-min-731x1024.jpg\" alt=\"\" class=\"wp-image-3238\" srcset=\"https:\/\/planesp.com\/en\/wp-content\/uploads\/2020\/10\/DSC0058-copy-min-731x1024.jpg 731w, https:\/\/planesp.com\/en\/wp-content\/uploads\/2020\/10\/DSC0058-copy-min-214x300.jpg 214w, https:\/\/planesp.com\/en\/wp-content\/uploads\/2020\/10\/DSC0058-copy-min-768x1075.jpg 768w, https:\/\/planesp.com\/en\/wp-content\/uploads\/2020\/10\/DSC0058-copy-min-1097x1536.jpg 1097w, https:\/\/planesp.com\/en\/wp-content\/uploads\/2020\/10\/DSC0058-copy-min-1463x2048.jpg 1463w, https:\/\/planesp.com\/en\/wp-content\/uploads\/2020\/10\/DSC0058-copy-min-560x784.jpg 560w, https:\/\/planesp.com\/en\/wp-content\/uploads\/2020\/10\/DSC0058-copy-min-992x1389.jpg 992w, https:\/\/planesp.com\/en\/wp-content\/uploads\/2020\/10\/DSC0058-copy-min-1170x1638.jpg 1170w, https:\/\/planesp.com\/en\/wp-content\/uploads\/2020\/10\/DSC0058-copy-min.jpg 1800w\" sizes=\"auto, (max-width: 731px) 100vw, 731px\" \/><\/figure>\n<\/div>\n<\/div>\n\n\n\n<p>En los cristales plasmamos el branding de la empresa, tambi\u00e9n desarrollado por nuestro equipo. Entrando, a mano derecha se encuentra una Sala de Juntas para __ personas, la peculiaridad de esta sala es que la mesa al igual que las bancas fueran construidas de madera de pino por nuestro equipo sustituyendo el mobiliario convencional.<\/p>\n\n\n\n<div class=\"wp-block-zd-columns row\">\n<div class=\"wp-block-zd-column col-lg\"><\/div>\n<\/div>\n\n\n\n<div class=\"wp-block-image\"><figure class=\"aligncenter size-large\"><img loading=\"lazy\" decoding=\"async\" width=\"1024\" height=\"683\" src=\"https:\/\/planesp.com\/en\/wp-content\/uploads\/2020\/11\/rediseno_De_oficinas_corporativas_12-1024x683.jpg\" alt=\"\" class=\"wp-image-1707\" srcset=\"https:\/\/planesp.com\/en\/wp-content\/uploads\/2020\/11\/rediseno_De_oficinas_corporativas_12-1024x683.jpg 1024w, https:\/\/planesp.com\/en\/wp-content\/uploads\/2020\/11\/rediseno_De_oficinas_corporativas_12-300x200.jpg 300w, https:\/\/planesp.com\/en\/wp-content\/uploads\/2020\/11\/rediseno_De_oficinas_corporativas_12-768x512.jpg 768w, https:\/\/planesp.com\/en\/wp-content\/uploads\/2020\/11\/rediseno_De_oficinas_corporativas_12-1536x1024.jpg 1536w, https:\/\/planesp.com\/en\/wp-content\/uploads\/2020\/11\/rediseno_De_oficinas_corporativas_12-600x400.jpg 600w, https:\/\/planesp.com\/en\/wp-content\/uploads\/2020\/11\/rediseno_De_oficinas_corporativas_12-560x373.jpg 560w, https:\/\/planesp.com\/en\/wp-content\/uploads\/2020\/11\/rediseno_De_oficinas_corporativas_12-992x661.jpg 992w, https:\/\/planesp.com\/en\/wp-content\/uploads\/2020\/11\/rediseno_De_oficinas_corporativas_12-1170x780.jpg 1170w, https:\/\/planesp.com\/en\/wp-content\/uploads\/2020\/11\/rediseno_De_oficinas_corporativas_12.jpg 1800w\" sizes=\"auto, (max-width: 1024px) 100vw, 1024px\" \/><\/figure><\/div>\n","protected":false},"excerpt":{"rendered":"<p>Como concepto de dise\u00f1o interior para este cliente en particular, agrupamos estaciones de trabajo tipo \u201cbench\u201d en plan abierto, con cubiertas de madera de pino hechas por nuestro equipo dando un ambiente \u201cindustrial\u201d a las oficinas. Las oficinas son lo m\u00e1s abiertas y visibles posibles, logrando as\u00ed una transparencia visual y de comunicaci\u00f3n. De esta [&hellip;]<\/p>\n","protected":false},"author":3,"featured_media":3236,"comment_status":"closed","ping_status":"closed","template":"","class_list":["post-1641","projects","type-projects","status-publish","has-post-thumbnail","hentry"],"yoast_head":"<!-- This site is optimized with the Yoast SEO plugin v27.5 - https:\/\/yoast.com\/product\/yoast-seo-wordpress\/ -->\n<title>Remodelaci\u00f3n de Oficinas, Remodelaci\u00f3n de Oficinas M\u00e9xico<\/title>\n<meta name=\"description\" content=\"Proyecto de Remodelaci\u00f3n de Oficinas, Remodelaci\u00f3n de Oficinas M\u00e9xico, Casos de remodelaci\u00f3n de oficinas en M\u00e9xico\" \/>\n<meta name=\"robots\" content=\"index, follow, max-snippet:-1, max-image-preview:large, max-video-preview:-1\" \/>\n<link rel=\"canonical\" href=\"https:\/\/planesp.com\/en\/projects\/bumeran\/\" \/>\n<meta property=\"og:locale\" content=\"en_US\" \/>\n<meta property=\"og:type\" content=\"article\" \/>\n<meta property=\"og:title\" content=\"Remodelaci\u00f3n de Oficinas, Remodelaci\u00f3n de Oficinas M\u00e9xico\" \/>\n<meta property=\"og:description\" content=\"Proyecto de Remodelaci\u00f3n de Oficinas, Remodelaci\u00f3n de Oficinas M\u00e9xico, Casos de remodelaci\u00f3n de oficinas en M\u00e9xico\" \/>\n<meta property=\"og:url\" content=\"https:\/\/planesp.com\/en\/projects\/bumeran\/\" \/>\n<meta property=\"og:site_name\" content=\"Planeaci\u00f3n de Espacios\" \/>\n<meta property=\"article:publisher\" content=\"http:\/\/facebook.com\/planeaciondeespacios\" \/>\n<meta property=\"article:modified_time\" content=\"2021-03-18T22:56:22+00:00\" \/>\n<meta property=\"og:image\" content=\"https:\/\/planesp.com\/en\/wp-content\/uploads\/2020\/10\/DSC0052-min.jpg\" \/>\n\t<meta property=\"og:image:width\" content=\"1800\" \/>\n\t<meta property=\"og:image:height\" content=\"1196\" \/>\n\t<meta property=\"og:image:type\" content=\"image\/jpeg\" \/>\n<meta name=\"twitter:card\" content=\"summary_large_image\" \/>\n<meta name=\"twitter:site\" content=\"@planeacionesp\" \/>\n<meta name=\"twitter:label1\" content=\"Est. reading time\" \/>\n\t<meta name=\"twitter:data1\" content=\"2 minutes\" \/>\n<script type=\"application\/ld+json\" class=\"yoast-schema-graph\">{\"@context\":\"https:\\\/\\\/schema.org\",\"@graph\":[{\"@type\":\"WebPage\",\"@id\":\"https:\\\/\\\/planesp.com\\\/en\\\/projects\\\/bumeran\\\/\",\"url\":\"https:\\\/\\\/planesp.com\\\/en\\\/projects\\\/bumeran\\\/\",\"name\":\"Remodelaci\u00f3n de Oficinas, Remodelaci\u00f3n de Oficinas M\u00e9xico\",\"isPartOf\":{\"@id\":\"https:\\\/\\\/planesp.com\\\/en\\\/#website\"},\"primaryImageOfPage\":{\"@id\":\"https:\\\/\\\/planesp.com\\\/en\\\/projects\\\/bumeran\\\/#primaryimage\"},\"image\":{\"@id\":\"https:\\\/\\\/planesp.com\\\/en\\\/projects\\\/bumeran\\\/#primaryimage\"},\"thumbnailUrl\":\"https:\\\/\\\/planesp.com\\\/en\\\/wp-content\\\/uploads\\\/2020\\\/10\\\/DSC0052-min.jpg\",\"datePublished\":\"2020-10-26T04:07:15+00:00\",\"dateModified\":\"2021-03-18T22:56:22+00:00\",\"description\":\"Proyecto de Remodelaci\u00f3n de Oficinas, Remodelaci\u00f3n de Oficinas M\u00e9xico, Casos de remodelaci\u00f3n de oficinas en M\u00e9xico\",\"breadcrumb\":{\"@id\":\"https:\\\/\\\/planesp.com\\\/en\\\/projects\\\/bumeran\\\/#breadcrumb\"},\"inLanguage\":\"en-US\",\"potentialAction\":[{\"@type\":\"ReadAction\",\"target\":[\"https:\\\/\\\/planesp.com\\\/en\\\/projects\\\/bumeran\\\/\"]}]},{\"@type\":\"ImageObject\",\"inLanguage\":\"en-US\",\"@id\":\"https:\\\/\\\/planesp.com\\\/en\\\/projects\\\/bumeran\\\/#primaryimage\",\"url\":\"https:\\\/\\\/planesp.com\\\/en\\\/wp-content\\\/uploads\\\/2020\\\/10\\\/DSC0052-min.jpg\",\"contentUrl\":\"https:\\\/\\\/planesp.com\\\/en\\\/wp-content\\\/uploads\\\/2020\\\/10\\\/DSC0052-min.jpg\",\"width\":1800,\"height\":1196},{\"@type\":\"BreadcrumbList\",\"@id\":\"https:\\\/\\\/planesp.com\\\/en\\\/projects\\\/bumeran\\\/#breadcrumb\",\"itemListElement\":[{\"@type\":\"ListItem\",\"position\":1,\"name\":\"Portada\",\"item\":\"https:\\\/\\\/planesp.com\\\/en\\\/\"},{\"@type\":\"ListItem\",\"position\":2,\"name\":\"Projects\",\"item\":\"https:\\\/\\\/planesp.com\\\/en\\\/projects\\\/\"},{\"@type\":\"ListItem\",\"position\":3,\"name\":\"Bumeran\"}]},{\"@type\":\"WebSite\",\"@id\":\"https:\\\/\\\/planesp.com\\\/en\\\/#website\",\"url\":\"https:\\\/\\\/planesp.com\\\/en\\\/\",\"name\":\"Planeaci\u00f3n de Espacios\",\"description\":\"Especialistas en Dise\u00f1o de Oficinas\",\"publisher\":{\"@id\":\"https:\\\/\\\/planesp.com\\\/en\\\/#organization\"},\"potentialAction\":[{\"@type\":\"SearchAction\",\"target\":{\"@type\":\"EntryPoint\",\"urlTemplate\":\"https:\\\/\\\/planesp.com\\\/en\\\/?s={search_term_string}\"},\"query-input\":{\"@type\":\"PropertyValueSpecification\",\"valueRequired\":true,\"valueName\":\"search_term_string\"}}],\"inLanguage\":\"en-US\"},{\"@type\":\"Organization\",\"@id\":\"https:\\\/\\\/planesp.com\\\/en\\\/#organization\",\"name\":\"Planeaci\u00f3n de Espacios\",\"url\":\"https:\\\/\\\/planesp.com\\\/en\\\/\",\"logo\":{\"@type\":\"ImageObject\",\"inLanguage\":\"en-US\",\"@id\":\"https:\\\/\\\/planesp.com\\\/en\\\/#\\\/schema\\\/logo\\\/image\\\/\",\"url\":\"https:\\\/\\\/planesp.com\\\/en\\\/wp-content\\\/uploads\\\/2016\\\/06\\\/logo-pe-login.jpg\",\"contentUrl\":\"https:\\\/\\\/planesp.com\\\/en\\\/wp-content\\\/uploads\\\/2016\\\/06\\\/logo-pe-login.jpg\",\"width\":250,\"height\":80,\"caption\":\"Planeaci\u00f3n de Espacios\"},\"image\":{\"@id\":\"https:\\\/\\\/planesp.com\\\/en\\\/#\\\/schema\\\/logo\\\/image\\\/\"},\"sameAs\":[\"http:\\\/\\\/facebook.com\\\/planeaciondeespacios\",\"https:\\\/\\\/x.com\\\/planeacionesp\",\"https:\\\/\\\/www.instagram.com\\\/planeaciondeespacios\\\/\",\"https:\\\/\\\/www.linkedin.com\\\/company\\\/planeaci\u00f3n-de-espacios-s-a--de-c-v-\\\/\"]}]}<\/script>\n<!-- \/ Yoast SEO plugin. -->","yoast_head_json":{"title":"Remodelaci\u00f3n de Oficinas, Remodelaci\u00f3n de Oficinas M\u00e9xico","description":"Proyecto de Remodelaci\u00f3n de Oficinas, Remodelaci\u00f3n de Oficinas M\u00e9xico, Casos de remodelaci\u00f3n de oficinas en M\u00e9xico","robots":{"index":"index","follow":"follow","max-snippet":"max-snippet:-1","max-image-preview":"max-image-preview:large","max-video-preview":"max-video-preview:-1"},"canonical":"https:\/\/planesp.com\/en\/projects\/bumeran\/","og_locale":"en_US","og_type":"article","og_title":"Remodelaci\u00f3n de Oficinas, Remodelaci\u00f3n de Oficinas M\u00e9xico","og_description":"Proyecto de Remodelaci\u00f3n de Oficinas, Remodelaci\u00f3n de Oficinas M\u00e9xico, Casos de remodelaci\u00f3n de oficinas en M\u00e9xico","og_url":"https:\/\/planesp.com\/en\/projects\/bumeran\/","og_site_name":"Planeaci\u00f3n de Espacios","article_publisher":"http:\/\/facebook.com\/planeaciondeespacios","article_modified_time":"2021-03-18T22:56:22+00:00","og_image":[{"width":1800,"height":1196,"url":"https:\/\/planesp.com\/en\/wp-content\/uploads\/2020\/10\/DSC0052-min.jpg","type":"image\/jpeg"}],"twitter_card":"summary_large_image","twitter_site":"@planeacionesp","twitter_misc":{"Est. reading time":"2 minutes"},"schema":{"@context":"https:\/\/schema.org","@graph":[{"@type":"WebPage","@id":"https:\/\/planesp.com\/en\/projects\/bumeran\/","url":"https:\/\/planesp.com\/en\/projects\/bumeran\/","name":"Remodelaci\u00f3n de Oficinas, Remodelaci\u00f3n de Oficinas M\u00e9xico","isPartOf":{"@id":"https:\/\/planesp.com\/en\/#website"},"primaryImageOfPage":{"@id":"https:\/\/planesp.com\/en\/projects\/bumeran\/#primaryimage"},"image":{"@id":"https:\/\/planesp.com\/en\/projects\/bumeran\/#primaryimage"},"thumbnailUrl":"https:\/\/planesp.com\/en\/wp-content\/uploads\/2020\/10\/DSC0052-min.jpg","datePublished":"2020-10-26T04:07:15+00:00","dateModified":"2021-03-18T22:56:22+00:00","description":"Proyecto de Remodelaci\u00f3n de Oficinas, Remodelaci\u00f3n de Oficinas M\u00e9xico, Casos de remodelaci\u00f3n de oficinas en M\u00e9xico","breadcrumb":{"@id":"https:\/\/planesp.com\/en\/projects\/bumeran\/#breadcrumb"},"inLanguage":"en-US","potentialAction":[{"@type":"ReadAction","target":["https:\/\/planesp.com\/en\/projects\/bumeran\/"]}]},{"@type":"ImageObject","inLanguage":"en-US","@id":"https:\/\/planesp.com\/en\/projects\/bumeran\/#primaryimage","url":"https:\/\/planesp.com\/en\/wp-content\/uploads\/2020\/10\/DSC0052-min.jpg","contentUrl":"https:\/\/planesp.com\/en\/wp-content\/uploads\/2020\/10\/DSC0052-min.jpg","width":1800,"height":1196},{"@type":"BreadcrumbList","@id":"https:\/\/planesp.com\/en\/projects\/bumeran\/#breadcrumb","itemListElement":[{"@type":"ListItem","position":1,"name":"Portada","item":"https:\/\/planesp.com\/en\/"},{"@type":"ListItem","position":2,"name":"Projects","item":"https:\/\/planesp.com\/en\/projects\/"},{"@type":"ListItem","position":3,"name":"Bumeran"}]},{"@type":"WebSite","@id":"https:\/\/planesp.com\/en\/#website","url":"https:\/\/planesp.com\/en\/","name":"Planeaci\u00f3n de Espacios","description":"Especialistas en Dise\u00f1o de Oficinas","publisher":{"@id":"https:\/\/planesp.com\/en\/#organization"},"potentialAction":[{"@type":"SearchAction","target":{"@type":"EntryPoint","urlTemplate":"https:\/\/planesp.com\/en\/?s={search_term_string}"},"query-input":{"@type":"PropertyValueSpecification","valueRequired":true,"valueName":"search_term_string"}}],"inLanguage":"en-US"},{"@type":"Organization","@id":"https:\/\/planesp.com\/en\/#organization","name":"Planeaci\u00f3n de Espacios","url":"https:\/\/planesp.com\/en\/","logo":{"@type":"ImageObject","inLanguage":"en-US","@id":"https:\/\/planesp.com\/en\/#\/schema\/logo\/image\/","url":"https:\/\/planesp.com\/en\/wp-content\/uploads\/2016\/06\/logo-pe-login.jpg","contentUrl":"https:\/\/planesp.com\/en\/wp-content\/uploads\/2016\/06\/logo-pe-login.jpg","width":250,"height":80,"caption":"Planeaci\u00f3n de Espacios"},"image":{"@id":"https:\/\/planesp.com\/en\/#\/schema\/logo\/image\/"},"sameAs":["http:\/\/facebook.com\/planeaciondeespacios","https:\/\/x.com\/planeacionesp","https:\/\/www.instagram.com\/planeaciondeespacios\/","https:\/\/www.linkedin.com\/company\/planeaci\u00f3n-de-espacios-s-a--de-c-v-\/"]}]}},"_links":{"self":[{"href":"https:\/\/planesp.com\/en\/wp-json\/wp\/v2\/projects\/1641","targetHints":{"allow":["GET"]}}],"collection":[{"href":"https:\/\/planesp.com\/en\/wp-json\/wp\/v2\/projects"}],"about":[{"href":"https:\/\/planesp.com\/en\/wp-json\/wp\/v2\/types\/projects"}],"author":[{"embeddable":true,"href":"https:\/\/planesp.com\/en\/wp-json\/wp\/v2\/users\/3"}],"replies":[{"embeddable":true,"href":"https:\/\/planesp.com\/en\/wp-json\/wp\/v2\/comments?post=1641"}],"wp:featuredmedia":[{"embeddable":true,"href":"https:\/\/planesp.com\/en\/wp-json\/wp\/v2\/media\/3236"}],"wp:attachment":[{"href":"https:\/\/planesp.com\/en\/wp-json\/wp\/v2\/media?parent=1641"}],"curies":[{"name":"wp","href":"https:\/\/api.w.org\/{rel}","templated":true}]}}