{"id":1531,"date":"2020-10-23T15:36:05","date_gmt":"2020-10-23T15:36:05","guid":{"rendered":"https:\/\/planesp.com\/en\/nuevo\/?post_type=projects&#038;p=1531"},"modified":"2021-03-18T17:08:25","modified_gmt":"2021-03-18T23:08:25","slug":"goldcorp","status":"publish","type":"projects","link":"https:\/\/planesp.com\/en\/projects\/goldcorp\/","title":{"rendered":"GoldCorp"},"content":{"rendered":"\n<div class=\"wp-block-zd-columns row\">\n<div class=\"wp-block-zd-column col-lg\">\n<p>Redise\u00f1o Interior . GoldCorp<br \/>\u00c1rea: <span class=\"has-inline-color has-4-color\">1,147<\/span> m2<br \/>Tiempo Proyecto &amp; Ingenier\u00edas: <span class=\"has-inline-color has-4-color\">100<\/span> d\u00edas h\u00e1biles<br \/>Tiempo Obra: <span class=\"has-inline-color has-4-color\">120<\/span> d\u00edas h\u00e1biles<br \/>A\u00f1o: <span class=\"has-inline-color has-4-color\">2018<\/span><br \/>Direcci\u00f3n: Ave. Paseo de las Palmas <span class=\"has-inline-color has-4-color\">405<\/span> Torre \u00d3ptima 1<br \/>Mezzanine, Lomas de Chapultepec 11000 CDMX<\/p>\n<\/div>\n\n\n\n<div class=\"wp-block-zd-column col-lg\">\n<figure class=\"wp-block-image alignwide size-large\"><img loading=\"lazy\" decoding=\"async\" width=\"1024\" height=\"671\" src=\"https:\/\/planesp.com\/en\/wp-content\/uploads\/2020\/10\/DSC03230f-copy-copy-min-1024x671.jpg\" alt=\"\" class=\"wp-image-3249\" srcset=\"https:\/\/planesp.com\/en\/wp-content\/uploads\/2020\/10\/DSC03230f-copy-copy-min-1024x671.jpg 1024w, https:\/\/planesp.com\/en\/wp-content\/uploads\/2020\/10\/DSC03230f-copy-copy-min-300x197.jpg 300w, https:\/\/planesp.com\/en\/wp-content\/uploads\/2020\/10\/DSC03230f-copy-copy-min-768x503.jpg 768w, https:\/\/planesp.com\/en\/wp-content\/uploads\/2020\/10\/DSC03230f-copy-copy-min-1536x1006.jpg 1536w, https:\/\/planesp.com\/en\/wp-content\/uploads\/2020\/10\/DSC03230f-copy-copy-min-560x367.jpg 560w, https:\/\/planesp.com\/en\/wp-content\/uploads\/2020\/10\/DSC03230f-copy-copy-min-992x650.jpg 992w, https:\/\/planesp.com\/en\/wp-content\/uploads\/2020\/10\/DSC03230f-copy-copy-min-1170x766.jpg 1170w, https:\/\/planesp.com\/en\/wp-content\/uploads\/2020\/10\/DSC03230f-copy-copy-min.jpg 1800w\" sizes=\"auto, (max-width: 1024px) 100vw, 1024px\" \/><\/figure>\n<\/div>\n<\/div>\n\n\n\n<p>Siendo la empresa de producci\u00f3n minera, tomamos la iniciativa de generar un concepto de dise\u00f1o que reflejara un estilo m\u00e1s apegado a la naturaleza, fuente de la riqueza de recursos minerales. Las minas se encuentran en lugares remotos, escondidos por sus ecosistemas.<br \/>Utilizamos una l\u00ednea que recientemente lanz\u00f3 Mohawk. La l\u00ednea Lichen tiene un dise\u00f1o biof\u00edlico, adem\u00e1s de cumplir con demandas de sustentabilidad. Inspirada por las diversas tonalidades multi-texturizadas del liquen y del rol regenerativo que tienen en nuestro ecosistema. Esta alfombra requiere de una colocaci\u00f3n poco usual. Un nuevo concepto de instalaci\u00f3n, muy personalizado. Las piezas var\u00edan en su intensidad de color y este fue el reto de lograr manchas paulatinas como tambi\u00e9n la idea de un aparente chorreado por los pasillos. En el \u00e1rea abierta concentramos puntos de color para romper la monoton\u00eda del amplio espacio con mobiliario y color. El cliente ten\u00eda cierta preocupaci\u00f3n de que tuviera demasiado color, ya que deseaban que las oficinas fueran neutras, sobrias y elegantes, pero el resultado final tiene un gran balance entre estos conceptos. La base de esta l\u00ednea es de varias tonalidades de grises.<\/p>\n\n\n\n<figure class=\"wp-block-image alignwide size-large\"><img loading=\"lazy\" decoding=\"async\" width=\"1024\" height=\"576\" src=\"https:\/\/planesp.com\/en\/wp-content\/uploads\/2020\/10\/DSC03354f-copy-min-1024x576.jpg\" alt=\"\" class=\"wp-image-3250\" srcset=\"https:\/\/planesp.com\/en\/wp-content\/uploads\/2020\/10\/DSC03354f-copy-min-1024x576.jpg 1024w, https:\/\/planesp.com\/en\/wp-content\/uploads\/2020\/10\/DSC03354f-copy-min-300x169.jpg 300w, https:\/\/planesp.com\/en\/wp-content\/uploads\/2020\/10\/DSC03354f-copy-min-768x432.jpg 768w, https:\/\/planesp.com\/en\/wp-content\/uploads\/2020\/10\/DSC03354f-copy-min-1536x864.jpg 1536w, https:\/\/planesp.com\/en\/wp-content\/uploads\/2020\/10\/DSC03354f-copy-min-560x315.jpg 560w, https:\/\/planesp.com\/en\/wp-content\/uploads\/2020\/10\/DSC03354f-copy-min-992x558.jpg 992w, https:\/\/planesp.com\/en\/wp-content\/uploads\/2020\/10\/DSC03354f-copy-min-1170x658.jpg 1170w, https:\/\/planesp.com\/en\/wp-content\/uploads\/2020\/10\/DSC03354f-copy-min.jpg 1800w\" sizes=\"auto, (max-width: 1024px) 100vw, 1024px\" \/><\/figure>\n\n\n\n<figure class=\"wp-block-image alignwide size-large\"><img loading=\"lazy\" decoding=\"async\" width=\"1024\" height=\"579\" src=\"https:\/\/planesp.com\/en\/wp-content\/uploads\/2020\/10\/DSC03376F-copy-min-1024x579.jpg\" alt=\"\" class=\"wp-image-3251\" srcset=\"https:\/\/planesp.com\/en\/wp-content\/uploads\/2020\/10\/DSC03376F-copy-min-1024x579.jpg 1024w, https:\/\/planesp.com\/en\/wp-content\/uploads\/2020\/10\/DSC03376F-copy-min-300x170.jpg 300w, https:\/\/planesp.com\/en\/wp-content\/uploads\/2020\/10\/DSC03376F-copy-min-768x434.jpg 768w, https:\/\/planesp.com\/en\/wp-content\/uploads\/2020\/10\/DSC03376F-copy-min-1536x868.jpg 1536w, https:\/\/planesp.com\/en\/wp-content\/uploads\/2020\/10\/DSC03376F-copy-min-560x316.jpg 560w, https:\/\/planesp.com\/en\/wp-content\/uploads\/2020\/10\/DSC03376F-copy-min-992x560.jpg 992w, https:\/\/planesp.com\/en\/wp-content\/uploads\/2020\/10\/DSC03376F-copy-min-1170x661.jpg 1170w, https:\/\/planesp.com\/en\/wp-content\/uploads\/2020\/10\/DSC03376F-copy-min.jpg 1800w\" sizes=\"auto, (max-width: 1024px) 100vw, 1024px\" \/><\/figure>\n\n\n\n<div class=\"wp-block-zd-columns row\">\n<div class=\"wp-block-zd-column col-lg\">\n<figure class=\"wp-block-image alignwide size-large\"><img loading=\"lazy\" decoding=\"async\" width=\"1024\" height=\"576\" src=\"https:\/\/planesp.com\/en\/wp-content\/uploads\/2020\/10\/DSC03465f-copy-copy-min-1024x576.jpg\" alt=\"\" class=\"wp-image-3252\" srcset=\"https:\/\/planesp.com\/en\/wp-content\/uploads\/2020\/10\/DSC03465f-copy-copy-min-1024x576.jpg 1024w, https:\/\/planesp.com\/en\/wp-content\/uploads\/2020\/10\/DSC03465f-copy-copy-min-300x169.jpg 300w, https:\/\/planesp.com\/en\/wp-content\/uploads\/2020\/10\/DSC03465f-copy-copy-min-768x432.jpg 768w, https:\/\/planesp.com\/en\/wp-content\/uploads\/2020\/10\/DSC03465f-copy-copy-min-1536x864.jpg 1536w, https:\/\/planesp.com\/en\/wp-content\/uploads\/2020\/10\/DSC03465f-copy-copy-min-560x315.jpg 560w, https:\/\/planesp.com\/en\/wp-content\/uploads\/2020\/10\/DSC03465f-copy-copy-min-992x558.jpg 992w, https:\/\/planesp.com\/en\/wp-content\/uploads\/2020\/10\/DSC03465f-copy-copy-min-1170x658.jpg 1170w, https:\/\/planesp.com\/en\/wp-content\/uploads\/2020\/10\/DSC03465f-copy-copy-min.jpg 1800w\" sizes=\"auto, (max-width: 1024px) 100vw, 1024px\" \/><\/figure>\n<\/div>\n\n\n\n<div class=\"wp-block-zd-column col-lg\">\n<figure class=\"wp-block-image alignwide size-large\"><img loading=\"lazy\" decoding=\"async\" width=\"1024\" height=\"576\" src=\"https:\/\/planesp.com\/en\/wp-content\/uploads\/2020\/10\/DSC03496f-copy-min-1024x576.jpg\" alt=\"\" class=\"wp-image-3253\" srcset=\"https:\/\/planesp.com\/en\/wp-content\/uploads\/2020\/10\/DSC03496f-copy-min-1024x576.jpg 1024w, https:\/\/planesp.com\/en\/wp-content\/uploads\/2020\/10\/DSC03496f-copy-min-300x169.jpg 300w, https:\/\/planesp.com\/en\/wp-content\/uploads\/2020\/10\/DSC03496f-copy-min-768x432.jpg 768w, https:\/\/planesp.com\/en\/wp-content\/uploads\/2020\/10\/DSC03496f-copy-min-1536x864.jpg 1536w, https:\/\/planesp.com\/en\/wp-content\/uploads\/2020\/10\/DSC03496f-copy-min-560x315.jpg 560w, https:\/\/planesp.com\/en\/wp-content\/uploads\/2020\/10\/DSC03496f-copy-min-992x558.jpg 992w, https:\/\/planesp.com\/en\/wp-content\/uploads\/2020\/10\/DSC03496f-copy-min-1170x658.jpg 1170w, https:\/\/planesp.com\/en\/wp-content\/uploads\/2020\/10\/DSC03496f-copy-min.jpg 1800w\" sizes=\"auto, (max-width: 1024px) 100vw, 1024px\" \/><\/figure>\n<\/div>\n<\/div>\n\n\n\n<p>La capacidad m\u00e1xima de empleados es de 166 personas. Siendo el \u00e1rea abierta la m\u00e1s grande. El reto era lograr intercalar espacios de trabajo informal a trav\u00e9s de las mismas estaciones de trabajo para romper con la rigidez del gran n\u00famero de escritorios. Con esta alfombra logr\u00e1bamos tener manchas de colores intensos, pero de tonalidades de la misma naturaleza. El juego de la colocaci\u00f3n de estas chispas de color variaba en pasillos como en el interior de las salas de juntas. Jugamos con 5 colores diferentes (verde lim\u00f3n, azul turquesa, morado, naranja y blanco) y las enfatizamos con mobiliario con los mismos colores en estas \u00e1reas especiales.<br \/>La madera unifica la imagen del concepto. Un ambiente que genera paz, limpieza visual y armon\u00eda.<\/p>\n\n\n\n<figure class=\"wp-block-image alignwide size-large\"><img loading=\"lazy\" decoding=\"async\" width=\"1024\" height=\"576\" src=\"https:\/\/planesp.com\/en\/wp-content\/uploads\/2020\/10\/DSC03636f-copy-min-1024x576.jpg\" alt=\"\" class=\"wp-image-3254\" srcset=\"https:\/\/planesp.com\/en\/wp-content\/uploads\/2020\/10\/DSC03636f-copy-min-1024x576.jpg 1024w, https:\/\/planesp.com\/en\/wp-content\/uploads\/2020\/10\/DSC03636f-copy-min-300x169.jpg 300w, https:\/\/planesp.com\/en\/wp-content\/uploads\/2020\/10\/DSC03636f-copy-min-768x432.jpg 768w, https:\/\/planesp.com\/en\/wp-content\/uploads\/2020\/10\/DSC03636f-copy-min-1536x864.jpg 1536w, https:\/\/planesp.com\/en\/wp-content\/uploads\/2020\/10\/DSC03636f-copy-min-560x315.jpg 560w, https:\/\/planesp.com\/en\/wp-content\/uploads\/2020\/10\/DSC03636f-copy-min-992x558.jpg 992w, https:\/\/planesp.com\/en\/wp-content\/uploads\/2020\/10\/DSC03636f-copy-min-1170x658.jpg 1170w, https:\/\/planesp.com\/en\/wp-content\/uploads\/2020\/10\/DSC03636f-copy-min.jpg 1800w\" sizes=\"auto, (max-width: 1024px) 100vw, 1024px\" \/><\/figure>\n\n\n\n<div class=\"wp-block-zd-columns row\">\n<div class=\"wp-block-zd-column col-lg\">\n<figure class=\"wp-block-image alignwide size-large\"><img loading=\"lazy\" decoding=\"async\" width=\"1024\" height=\"732\" src=\"https:\/\/planesp.com\/en\/wp-content\/uploads\/2020\/10\/DSC03727f-copy-copy-min-1024x732.jpg\" alt=\"\" class=\"wp-image-3255\" srcset=\"https:\/\/planesp.com\/en\/wp-content\/uploads\/2020\/10\/DSC03727f-copy-copy-min-1024x732.jpg 1024w, https:\/\/planesp.com\/en\/wp-content\/uploads\/2020\/10\/DSC03727f-copy-copy-min-300x214.jpg 300w, https:\/\/planesp.com\/en\/wp-content\/uploads\/2020\/10\/DSC03727f-copy-copy-min-768x549.jpg 768w, https:\/\/planesp.com\/en\/wp-content\/uploads\/2020\/10\/DSC03727f-copy-copy-min-1536x1097.jpg 1536w, https:\/\/planesp.com\/en\/wp-content\/uploads\/2020\/10\/DSC03727f-copy-copy-min-560x400.jpg 560w, https:\/\/planesp.com\/en\/wp-content\/uploads\/2020\/10\/DSC03727f-copy-copy-min-992x709.jpg 992w, https:\/\/planesp.com\/en\/wp-content\/uploads\/2020\/10\/DSC03727f-copy-copy-min-1170x836.jpg 1170w, https:\/\/planesp.com\/en\/wp-content\/uploads\/2020\/10\/DSC03727f-copy-copy-min.jpg 1800w\" sizes=\"auto, (max-width: 1024px) 100vw, 1024px\" \/><\/figure>\n<\/div>\n\n\n\n<div class=\"wp-block-zd-column col-lg\">\n<figure class=\"wp-block-image alignwide size-large\"><img loading=\"lazy\" decoding=\"async\" width=\"1024\" height=\"642\" src=\"https:\/\/planesp.com\/en\/wp-content\/uploads\/2020\/10\/DSC03756f-min-1024x642.jpg\" alt=\"\" class=\"wp-image-3256\" srcset=\"https:\/\/planesp.com\/en\/wp-content\/uploads\/2020\/10\/DSC03756f-min-1024x642.jpg 1024w, https:\/\/planesp.com\/en\/wp-content\/uploads\/2020\/10\/DSC03756f-min-300x188.jpg 300w, https:\/\/planesp.com\/en\/wp-content\/uploads\/2020\/10\/DSC03756f-min-768x482.jpg 768w, https:\/\/planesp.com\/en\/wp-content\/uploads\/2020\/10\/DSC03756f-min-1536x963.jpg 1536w, https:\/\/planesp.com\/en\/wp-content\/uploads\/2020\/10\/DSC03756f-min-560x351.jpg 560w, https:\/\/planesp.com\/en\/wp-content\/uploads\/2020\/10\/DSC03756f-min-992x622.jpg 992w, https:\/\/planesp.com\/en\/wp-content\/uploads\/2020\/10\/DSC03756f-min-1170x734.jpg 1170w, https:\/\/planesp.com\/en\/wp-content\/uploads\/2020\/10\/DSC03756f-min.jpg 1800w\" sizes=\"auto, (max-width: 1024px) 100vw, 1024px\" \/><\/figure>\n<\/div>\n<\/div>\n\n\n\n<figure class=\"wp-block-image alignwide size-large\"><img loading=\"lazy\" decoding=\"async\" width=\"1024\" height=\"576\" src=\"https:\/\/planesp.com\/en\/wp-content\/uploads\/2020\/10\/DSC034772f-copy-min-1024x576.jpg\" alt=\"\" class=\"wp-image-3257\" srcset=\"https:\/\/planesp.com\/en\/wp-content\/uploads\/2020\/10\/DSC034772f-copy-min-1024x576.jpg 1024w, https:\/\/planesp.com\/en\/wp-content\/uploads\/2020\/10\/DSC034772f-copy-min-300x169.jpg 300w, https:\/\/planesp.com\/en\/wp-content\/uploads\/2020\/10\/DSC034772f-copy-min-768x432.jpg 768w, https:\/\/planesp.com\/en\/wp-content\/uploads\/2020\/10\/DSC034772f-copy-min-1536x864.jpg 1536w, https:\/\/planesp.com\/en\/wp-content\/uploads\/2020\/10\/DSC034772f-copy-min-560x315.jpg 560w, https:\/\/planesp.com\/en\/wp-content\/uploads\/2020\/10\/DSC034772f-copy-min-992x558.jpg 992w, https:\/\/planesp.com\/en\/wp-content\/uploads\/2020\/10\/DSC034772f-copy-min-1170x658.jpg 1170w, https:\/\/planesp.com\/en\/wp-content\/uploads\/2020\/10\/DSC034772f-copy-min.jpg 1800w\" sizes=\"auto, (max-width: 1024px) 100vw, 1024px\" \/><\/figure>\n\n\n\n<figure class=\"wp-block-image alignwide size-large\"><img loading=\"lazy\" decoding=\"async\" width=\"768\" height=\"1024\" src=\"https:\/\/planesp.com\/en\/wp-content\/uploads\/2020\/10\/IMG_1505-copy-copy-min-768x1024.jpg\" alt=\"\" class=\"wp-image-3258\" srcset=\"https:\/\/planesp.com\/en\/wp-content\/uploads\/2020\/10\/IMG_1505-copy-copy-min-768x1024.jpg 768w, https:\/\/planesp.com\/en\/wp-content\/uploads\/2020\/10\/IMG_1505-copy-copy-min-225x300.jpg 225w, https:\/\/planesp.com\/en\/wp-content\/uploads\/2020\/10\/IMG_1505-copy-copy-min-1152x1536.jpg 1152w, https:\/\/planesp.com\/en\/wp-content\/uploads\/2020\/10\/IMG_1505-copy-copy-min-1536x2048.jpg 1536w, https:\/\/planesp.com\/en\/wp-content\/uploads\/2020\/10\/IMG_1505-copy-copy-min-560x747.jpg 560w, https:\/\/planesp.com\/en\/wp-content\/uploads\/2020\/10\/IMG_1505-copy-copy-min-992x1323.jpg 992w, https:\/\/planesp.com\/en\/wp-content\/uploads\/2020\/10\/IMG_1505-copy-copy-min-1170x1560.jpg 1170w, https:\/\/planesp.com\/en\/wp-content\/uploads\/2020\/10\/IMG_1505-copy-copy-min.jpg 1800w\" sizes=\"auto, (max-width: 768px) 100vw, 768px\" \/><\/figure>\n\n\n\n<p>La recepci\u00f3n cuenta con un mueble org\u00e1nico fundamentado en el concepto general. Su elaboraci\u00f3n de capa por capa result\u00f3 un producto final \u00fanico y extraordinario.<br \/>El branding complementa el concepto de dise\u00f1o de la misma manera. En todos los cristales colocamos vinilos abstractos de la vista a\u00e9rea de una mina topogr\u00e1fica. Cabe mencionar que este elemento los<br \/>transportamos a los plafones para envolver el gran espacio por el concepto de dise\u00f1o. En algunos cristales plasmamos elementos que sostienen la misma idea conceptual.<\/p>\n\n\n\n<p>Parte del branding contempla las piezas de arte relacionadas a este tema. Un cuadro 3D de fieltro con corte l\u00e1ser simulando la abstracci\u00f3n del mapa topogr\u00e1fico de una mina, un cuadro de telas sobrepuestas con simbolog\u00eda, cuadro de tela de organza sobrepuesta y bordada a mano con figuras similares y hasta los cojines bordados a mano. Realmente un concepto global dentro del mismo espacio.<\/p>\n\n\n\n<div class=\"wp-block-image\"><figure class=\"aligncenter size-large\"><img loading=\"lazy\" decoding=\"async\" width=\"1024\" height=\"683\" src=\"https:\/\/planesp.com\/en\/wp-content\/uploads\/2020\/12\/diseno_de_oficinas_profesionales_14-1024x683.jpg\" alt=\"\" class=\"wp-image-1827\" srcset=\"https:\/\/planesp.com\/en\/wp-content\/uploads\/2020\/12\/diseno_de_oficinas_profesionales_14-1024x683.jpg 1024w, https:\/\/planesp.com\/en\/wp-content\/uploads\/2020\/12\/diseno_de_oficinas_profesionales_14-300x200.jpg 300w, https:\/\/planesp.com\/en\/wp-content\/uploads\/2020\/12\/diseno_de_oficinas_profesionales_14-768x512.jpg 768w, https:\/\/planesp.com\/en\/wp-content\/uploads\/2020\/12\/diseno_de_oficinas_profesionales_14-1536x1024.jpg 1536w, https:\/\/planesp.com\/en\/wp-content\/uploads\/2020\/12\/diseno_de_oficinas_profesionales_14-600x400.jpg 600w, https:\/\/planesp.com\/en\/wp-content\/uploads\/2020\/12\/diseno_de_oficinas_profesionales_14-560x373.jpg 560w, https:\/\/planesp.com\/en\/wp-content\/uploads\/2020\/12\/diseno_de_oficinas_profesionales_14-992x661.jpg 992w, https:\/\/planesp.com\/en\/wp-content\/uploads\/2020\/12\/diseno_de_oficinas_profesionales_14-1170x780.jpg 1170w, https:\/\/planesp.com\/en\/wp-content\/uploads\/2020\/12\/diseno_de_oficinas_profesionales_14.jpg 1800w\" sizes=\"auto, (max-width: 1024px) 100vw, 1024px\" \/><\/figure><\/div>\n","protected":false},"excerpt":{"rendered":"<p>Siendo la empresa de producci\u00f3n minera, tomamos la iniciativa de generar un concepto de dise\u00f1o que reflejara un estilo m\u00e1s apegado a la naturaleza, fuente de la riqueza de recursos minerales. Las minas se encuentran en lugares remotos, escondidos por sus ecosistemas.Utilizamos una l\u00ednea que recientemente lanz\u00f3 Mohawk. La l\u00ednea Lichen tiene un dise\u00f1o biof\u00edlico, [&hellip;]<\/p>\n","protected":false},"author":1,"featured_media":3255,"comment_status":"closed","ping_status":"closed","template":"","class_list":["post-1531","projects","type-projects","status-publish","has-post-thumbnail","hentry"],"yoast_head":"<!-- This site is optimized with the Yoast SEO plugin v27.5 - https:\/\/yoast.com\/product\/yoast-seo-wordpress\/ -->\n<title>Remodelaci\u00f3n de Oficinas, Remodelaci\u00f3n de Oficinas M\u00e9xico<\/title>\n<meta name=\"description\" content=\"Proyecto de Remodelaci\u00f3n de Oficinas, Remodelaci\u00f3n de Oficinas M\u00e9xico, Casos de remodelaci\u00f3n de oficinas en M\u00e9xico\" \/>\n<meta name=\"robots\" content=\"index, follow, max-snippet:-1, max-image-preview:large, max-video-preview:-1\" \/>\n<link rel=\"canonical\" href=\"https:\/\/planesp.com\/en\/projects\/goldcorp\/\" \/>\n<meta property=\"og:locale\" content=\"en_US\" \/>\n<meta property=\"og:type\" content=\"article\" \/>\n<meta property=\"og:title\" content=\"Remodelaci\u00f3n de Oficinas, Remodelaci\u00f3n de Oficinas M\u00e9xico\" \/>\n<meta property=\"og:description\" content=\"Proyecto de Remodelaci\u00f3n de Oficinas, Remodelaci\u00f3n de Oficinas M\u00e9xico, Casos de remodelaci\u00f3n de oficinas en M\u00e9xico\" \/>\n<meta property=\"og:url\" content=\"https:\/\/planesp.com\/en\/projects\/goldcorp\/\" \/>\n<meta property=\"og:site_name\" content=\"Planeaci\u00f3n de Espacios\" \/>\n<meta property=\"article:publisher\" content=\"http:\/\/facebook.com\/planeaciondeespacios\" \/>\n<meta property=\"article:modified_time\" content=\"2021-03-18T23:08:25+00:00\" \/>\n<meta property=\"og:image\" content=\"https:\/\/planesp.com\/en\/wp-content\/uploads\/2020\/10\/DSC03727f-copy-copy-min.jpg\" \/>\n\t<meta property=\"og:image:width\" content=\"1800\" \/>\n\t<meta property=\"og:image:height\" content=\"1286\" \/>\n\t<meta property=\"og:image:type\" content=\"image\/jpeg\" \/>\n<meta name=\"twitter:card\" content=\"summary_large_image\" \/>\n<meta name=\"twitter:site\" content=\"@planeacionesp\" \/>\n<meta name=\"twitter:label1\" content=\"Est. reading time\" \/>\n\t<meta name=\"twitter:data1\" content=\"3 minutes\" \/>\n<script type=\"application\/ld+json\" class=\"yoast-schema-graph\">{\"@context\":\"https:\\\/\\\/schema.org\",\"@graph\":[{\"@type\":\"WebPage\",\"@id\":\"https:\\\/\\\/planesp.com\\\/en\\\/projects\\\/goldcorp\\\/\",\"url\":\"https:\\\/\\\/planesp.com\\\/en\\\/projects\\\/goldcorp\\\/\",\"name\":\"Remodelaci\u00f3n de Oficinas, Remodelaci\u00f3n de Oficinas M\u00e9xico\",\"isPartOf\":{\"@id\":\"https:\\\/\\\/planesp.com\\\/en\\\/#website\"},\"primaryImageOfPage\":{\"@id\":\"https:\\\/\\\/planesp.com\\\/en\\\/projects\\\/goldcorp\\\/#primaryimage\"},\"image\":{\"@id\":\"https:\\\/\\\/planesp.com\\\/en\\\/projects\\\/goldcorp\\\/#primaryimage\"},\"thumbnailUrl\":\"https:\\\/\\\/planesp.com\\\/en\\\/wp-content\\\/uploads\\\/2020\\\/10\\\/DSC03727f-copy-copy-min.jpg\",\"datePublished\":\"2020-10-23T15:36:05+00:00\",\"dateModified\":\"2021-03-18T23:08:25+00:00\",\"description\":\"Proyecto de Remodelaci\u00f3n de Oficinas, Remodelaci\u00f3n de Oficinas M\u00e9xico, Casos de remodelaci\u00f3n de oficinas en M\u00e9xico\",\"breadcrumb\":{\"@id\":\"https:\\\/\\\/planesp.com\\\/en\\\/projects\\\/goldcorp\\\/#breadcrumb\"},\"inLanguage\":\"en-US\",\"potentialAction\":[{\"@type\":\"ReadAction\",\"target\":[\"https:\\\/\\\/planesp.com\\\/en\\\/projects\\\/goldcorp\\\/\"]}]},{\"@type\":\"ImageObject\",\"inLanguage\":\"en-US\",\"@id\":\"https:\\\/\\\/planesp.com\\\/en\\\/projects\\\/goldcorp\\\/#primaryimage\",\"url\":\"https:\\\/\\\/planesp.com\\\/en\\\/wp-content\\\/uploads\\\/2020\\\/10\\\/DSC03727f-copy-copy-min.jpg\",\"contentUrl\":\"https:\\\/\\\/planesp.com\\\/en\\\/wp-content\\\/uploads\\\/2020\\\/10\\\/DSC03727f-copy-copy-min.jpg\",\"width\":1800,\"height\":1286},{\"@type\":\"BreadcrumbList\",\"@id\":\"https:\\\/\\\/planesp.com\\\/en\\\/projects\\\/goldcorp\\\/#breadcrumb\",\"itemListElement\":[{\"@type\":\"ListItem\",\"position\":1,\"name\":\"Portada\",\"item\":\"https:\\\/\\\/planesp.com\\\/en\\\/\"},{\"@type\":\"ListItem\",\"position\":2,\"name\":\"Projects\",\"item\":\"https:\\\/\\\/planesp.com\\\/en\\\/projects\\\/\"},{\"@type\":\"ListItem\",\"position\":3,\"name\":\"GoldCorp\"}]},{\"@type\":\"WebSite\",\"@id\":\"https:\\\/\\\/planesp.com\\\/en\\\/#website\",\"url\":\"https:\\\/\\\/planesp.com\\\/en\\\/\",\"name\":\"Planeaci\u00f3n de Espacios\",\"description\":\"Especialistas en Dise\u00f1o de Oficinas\",\"publisher\":{\"@id\":\"https:\\\/\\\/planesp.com\\\/en\\\/#organization\"},\"potentialAction\":[{\"@type\":\"SearchAction\",\"target\":{\"@type\":\"EntryPoint\",\"urlTemplate\":\"https:\\\/\\\/planesp.com\\\/en\\\/?s={search_term_string}\"},\"query-input\":{\"@type\":\"PropertyValueSpecification\",\"valueRequired\":true,\"valueName\":\"search_term_string\"}}],\"inLanguage\":\"en-US\"},{\"@type\":\"Organization\",\"@id\":\"https:\\\/\\\/planesp.com\\\/en\\\/#organization\",\"name\":\"Planeaci\u00f3n de Espacios\",\"url\":\"https:\\\/\\\/planesp.com\\\/en\\\/\",\"logo\":{\"@type\":\"ImageObject\",\"inLanguage\":\"en-US\",\"@id\":\"https:\\\/\\\/planesp.com\\\/en\\\/#\\\/schema\\\/logo\\\/image\\\/\",\"url\":\"https:\\\/\\\/planesp.com\\\/en\\\/wp-content\\\/uploads\\\/2016\\\/06\\\/logo-pe-login.jpg\",\"contentUrl\":\"https:\\\/\\\/planesp.com\\\/en\\\/wp-content\\\/uploads\\\/2016\\\/06\\\/logo-pe-login.jpg\",\"width\":250,\"height\":80,\"caption\":\"Planeaci\u00f3n de Espacios\"},\"image\":{\"@id\":\"https:\\\/\\\/planesp.com\\\/en\\\/#\\\/schema\\\/logo\\\/image\\\/\"},\"sameAs\":[\"http:\\\/\\\/facebook.com\\\/planeaciondeespacios\",\"https:\\\/\\\/x.com\\\/planeacionesp\",\"https:\\\/\\\/www.instagram.com\\\/planeaciondeespacios\\\/\",\"https:\\\/\\\/www.linkedin.com\\\/company\\\/planeaci\u00f3n-de-espacios-s-a--de-c-v-\\\/\"]}]}<\/script>\n<!-- \/ Yoast SEO plugin. -->","yoast_head_json":{"title":"Remodelaci\u00f3n de Oficinas, Remodelaci\u00f3n de Oficinas M\u00e9xico","description":"Proyecto de Remodelaci\u00f3n de Oficinas, Remodelaci\u00f3n de Oficinas M\u00e9xico, Casos de remodelaci\u00f3n de oficinas en M\u00e9xico","robots":{"index":"index","follow":"follow","max-snippet":"max-snippet:-1","max-image-preview":"max-image-preview:large","max-video-preview":"max-video-preview:-1"},"canonical":"https:\/\/planesp.com\/en\/projects\/goldcorp\/","og_locale":"en_US","og_type":"article","og_title":"Remodelaci\u00f3n de Oficinas, Remodelaci\u00f3n de Oficinas M\u00e9xico","og_description":"Proyecto de Remodelaci\u00f3n de Oficinas, Remodelaci\u00f3n de Oficinas M\u00e9xico, Casos de remodelaci\u00f3n de oficinas en M\u00e9xico","og_url":"https:\/\/planesp.com\/en\/projects\/goldcorp\/","og_site_name":"Planeaci\u00f3n de Espacios","article_publisher":"http:\/\/facebook.com\/planeaciondeespacios","article_modified_time":"2021-03-18T23:08:25+00:00","og_image":[{"width":1800,"height":1286,"url":"https:\/\/planesp.com\/en\/wp-content\/uploads\/2020\/10\/DSC03727f-copy-copy-min.jpg","type":"image\/jpeg"}],"twitter_card":"summary_large_image","twitter_site":"@planeacionesp","twitter_misc":{"Est. reading time":"3 minutes"},"schema":{"@context":"https:\/\/schema.org","@graph":[{"@type":"WebPage","@id":"https:\/\/planesp.com\/en\/projects\/goldcorp\/","url":"https:\/\/planesp.com\/en\/projects\/goldcorp\/","name":"Remodelaci\u00f3n de Oficinas, Remodelaci\u00f3n de Oficinas M\u00e9xico","isPartOf":{"@id":"https:\/\/planesp.com\/en\/#website"},"primaryImageOfPage":{"@id":"https:\/\/planesp.com\/en\/projects\/goldcorp\/#primaryimage"},"image":{"@id":"https:\/\/planesp.com\/en\/projects\/goldcorp\/#primaryimage"},"thumbnailUrl":"https:\/\/planesp.com\/en\/wp-content\/uploads\/2020\/10\/DSC03727f-copy-copy-min.jpg","datePublished":"2020-10-23T15:36:05+00:00","dateModified":"2021-03-18T23:08:25+00:00","description":"Proyecto de Remodelaci\u00f3n de Oficinas, Remodelaci\u00f3n de Oficinas M\u00e9xico, Casos de remodelaci\u00f3n de oficinas en M\u00e9xico","breadcrumb":{"@id":"https:\/\/planesp.com\/en\/projects\/goldcorp\/#breadcrumb"},"inLanguage":"en-US","potentialAction":[{"@type":"ReadAction","target":["https:\/\/planesp.com\/en\/projects\/goldcorp\/"]}]},{"@type":"ImageObject","inLanguage":"en-US","@id":"https:\/\/planesp.com\/en\/projects\/goldcorp\/#primaryimage","url":"https:\/\/planesp.com\/en\/wp-content\/uploads\/2020\/10\/DSC03727f-copy-copy-min.jpg","contentUrl":"https:\/\/planesp.com\/en\/wp-content\/uploads\/2020\/10\/DSC03727f-copy-copy-min.jpg","width":1800,"height":1286},{"@type":"BreadcrumbList","@id":"https:\/\/planesp.com\/en\/projects\/goldcorp\/#breadcrumb","itemListElement":[{"@type":"ListItem","position":1,"name":"Portada","item":"https:\/\/planesp.com\/en\/"},{"@type":"ListItem","position":2,"name":"Projects","item":"https:\/\/planesp.com\/en\/projects\/"},{"@type":"ListItem","position":3,"name":"GoldCorp"}]},{"@type":"WebSite","@id":"https:\/\/planesp.com\/en\/#website","url":"https:\/\/planesp.com\/en\/","name":"Planeaci\u00f3n de Espacios","description":"Especialistas en Dise\u00f1o de Oficinas","publisher":{"@id":"https:\/\/planesp.com\/en\/#organization"},"potentialAction":[{"@type":"SearchAction","target":{"@type":"EntryPoint","urlTemplate":"https:\/\/planesp.com\/en\/?s={search_term_string}"},"query-input":{"@type":"PropertyValueSpecification","valueRequired":true,"valueName":"search_term_string"}}],"inLanguage":"en-US"},{"@type":"Organization","@id":"https:\/\/planesp.com\/en\/#organization","name":"Planeaci\u00f3n de Espacios","url":"https:\/\/planesp.com\/en\/","logo":{"@type":"ImageObject","inLanguage":"en-US","@id":"https:\/\/planesp.com\/en\/#\/schema\/logo\/image\/","url":"https:\/\/planesp.com\/en\/wp-content\/uploads\/2016\/06\/logo-pe-login.jpg","contentUrl":"https:\/\/planesp.com\/en\/wp-content\/uploads\/2016\/06\/logo-pe-login.jpg","width":250,"height":80,"caption":"Planeaci\u00f3n de Espacios"},"image":{"@id":"https:\/\/planesp.com\/en\/#\/schema\/logo\/image\/"},"sameAs":["http:\/\/facebook.com\/planeaciondeespacios","https:\/\/x.com\/planeacionesp","https:\/\/www.instagram.com\/planeaciondeespacios\/","https:\/\/www.linkedin.com\/company\/planeaci\u00f3n-de-espacios-s-a--de-c-v-\/"]}]}},"_links":{"self":[{"href":"https:\/\/planesp.com\/en\/wp-json\/wp\/v2\/projects\/1531","targetHints":{"allow":["GET"]}}],"collection":[{"href":"https:\/\/planesp.com\/en\/wp-json\/wp\/v2\/projects"}],"about":[{"href":"https:\/\/planesp.com\/en\/wp-json\/wp\/v2\/types\/projects"}],"author":[{"embeddable":true,"href":"https:\/\/planesp.com\/en\/wp-json\/wp\/v2\/users\/1"}],"replies":[{"embeddable":true,"href":"https:\/\/planesp.com\/en\/wp-json\/wp\/v2\/comments?post=1531"}],"wp:featuredmedia":[{"embeddable":true,"href":"https:\/\/planesp.com\/en\/wp-json\/wp\/v2\/media\/3255"}],"wp:attachment":[{"href":"https:\/\/planesp.com\/en\/wp-json\/wp\/v2\/media?parent=1531"}],"curies":[{"name":"wp","href":"https:\/\/api.w.org\/{rel}","templated":true}]}}