{"id":1527,"date":"2020-10-23T15:35:43","date_gmt":"2020-10-23T15:35:43","guid":{"rendered":"https:\/\/planesp.com\/en\/nuevo\/?post_type=projects&#038;p=1527"},"modified":"2022-01-27T11:36:05","modified_gmt":"2022-01-27T17:36:05","slug":"eastman","status":"publish","type":"projects","link":"https:\/\/planesp.com\/en\/projects\/eastman\/","title":{"rendered":"Eastman"},"content":{"rendered":"\n<div class=\"wp-block-zd-columns row\">\n<div class=\"wp-block-zd-column col-lg\">\n<p>Redise\u00f1o Interior . Eastman<br \/>\u00c1rea: <span class=\"has-inline-color has-4-color\">533<\/span> m2<br \/>Tiempo Proyecto &amp; Ingenier\u00edas: <span class=\"has-inline-color has-4-color\">75<\/span> d\u00edas h\u00e1biles<br \/>Tiempo Obra: <span class=\"has-inline-color has-4-color\">90<\/span> d\u00edas h\u00e1biles<br \/>A\u00f1o: <span class=\"has-inline-color has-4-color\">2020<\/span><br \/>Direcci\u00f3n: Insurgentes Sur <span class=\"has-inline-color has-4-color\">1457<\/span> Torre Zentrum<br \/>Piso <span class=\"has-inline-color has-4-color\">16<\/span>, Insurgentes Mixcoac 03920 CDMX<\/p>\n<\/div>\n\n\n\n<div class=\"wp-block-zd-column col-lg\">\n<figure class=\"wp-block-image alignwide size-large\"><img loading=\"lazy\" decoding=\"async\" width=\"683\" height=\"1024\" src=\"https:\/\/planesp.com\/en\/wp-content\/uploads\/2020\/10\/rediseno_de_oficinas_Corporativas_14-1-683x1024.jpg\" alt=\"\" class=\"wp-image-1825\" srcset=\"https:\/\/planesp.com\/en\/wp-content\/uploads\/2020\/10\/rediseno_de_oficinas_Corporativas_14-1-683x1024.jpg 683w, https:\/\/planesp.com\/en\/wp-content\/uploads\/2020\/10\/rediseno_de_oficinas_Corporativas_14-1-200x300.jpg 200w, https:\/\/planesp.com\/en\/wp-content\/uploads\/2020\/10\/rediseno_de_oficinas_Corporativas_14-1-768x1152.jpg 768w, https:\/\/planesp.com\/en\/wp-content\/uploads\/2020\/10\/rediseno_de_oficinas_Corporativas_14-1-1024x1536.jpg 1024w, https:\/\/planesp.com\/en\/wp-content\/uploads\/2020\/10\/rediseno_de_oficinas_Corporativas_14-1-560x840.jpg 560w, https:\/\/planesp.com\/en\/wp-content\/uploads\/2020\/10\/rediseno_de_oficinas_Corporativas_14-1-992x1488.jpg 992w, https:\/\/planesp.com\/en\/wp-content\/uploads\/2020\/10\/rediseno_de_oficinas_Corporativas_14-1-1170x1755.jpg 1170w, https:\/\/planesp.com\/en\/wp-content\/uploads\/2020\/10\/rediseno_de_oficinas_Corporativas_14-1.jpg 1200w\" sizes=\"auto, (max-width: 683px) 100vw, 683px\" \/><\/figure>\n<\/div>\n<\/div>\n\n\n\n<figure class=\"wp-block-image alignwide size-large\"><img loading=\"lazy\" decoding=\"async\" width=\"1024\" height=\"683\" src=\"https:\/\/planesp.com\/en\/wp-content\/uploads\/2020\/12\/rediseno_de_oficinas_Corporativas_2-1024x683.jpg\" alt=\"\" class=\"wp-image-1810\" srcset=\"https:\/\/planesp.com\/en\/wp-content\/uploads\/2020\/12\/rediseno_de_oficinas_Corporativas_2-1024x683.jpg 1024w, https:\/\/planesp.com\/en\/wp-content\/uploads\/2020\/12\/rediseno_de_oficinas_Corporativas_2-300x200.jpg 300w, https:\/\/planesp.com\/en\/wp-content\/uploads\/2020\/12\/rediseno_de_oficinas_Corporativas_2-768x512.jpg 768w, https:\/\/planesp.com\/en\/wp-content\/uploads\/2020\/12\/rediseno_de_oficinas_Corporativas_2-1536x1024.jpg 1536w, https:\/\/planesp.com\/en\/wp-content\/uploads\/2020\/12\/rediseno_de_oficinas_Corporativas_2-600x400.jpg 600w, https:\/\/planesp.com\/en\/wp-content\/uploads\/2020\/12\/rediseno_de_oficinas_Corporativas_2-560x373.jpg 560w, https:\/\/planesp.com\/en\/wp-content\/uploads\/2020\/12\/rediseno_de_oficinas_Corporativas_2-992x661.jpg 992w, https:\/\/planesp.com\/en\/wp-content\/uploads\/2020\/12\/rediseno_de_oficinas_Corporativas_2-1170x780.jpg 1170w, https:\/\/planesp.com\/en\/wp-content\/uploads\/2020\/12\/rediseno_de_oficinas_Corporativas_2.jpg 1800w\" sizes=\"auto, (max-width: 1024px) 100vw, 1024px\" \/><\/figure>\n\n\n\n<figure class=\"wp-block-image alignwide size-large\"><img loading=\"lazy\" decoding=\"async\" width=\"1024\" height=\"683\" src=\"https:\/\/planesp.com\/en\/wp-content\/uploads\/2020\/12\/rediseno_de_oficinas_Corporativas_3-1024x683.jpg\" alt=\"\" class=\"wp-image-1811\" srcset=\"https:\/\/planesp.com\/en\/wp-content\/uploads\/2020\/12\/rediseno_de_oficinas_Corporativas_3-1024x683.jpg 1024w, https:\/\/planesp.com\/en\/wp-content\/uploads\/2020\/12\/rediseno_de_oficinas_Corporativas_3-300x200.jpg 300w, https:\/\/planesp.com\/en\/wp-content\/uploads\/2020\/12\/rediseno_de_oficinas_Corporativas_3-768x512.jpg 768w, https:\/\/planesp.com\/en\/wp-content\/uploads\/2020\/12\/rediseno_de_oficinas_Corporativas_3-1536x1024.jpg 1536w, https:\/\/planesp.com\/en\/wp-content\/uploads\/2020\/12\/rediseno_de_oficinas_Corporativas_3-600x400.jpg 600w, https:\/\/planesp.com\/en\/wp-content\/uploads\/2020\/12\/rediseno_de_oficinas_Corporativas_3-560x373.jpg 560w, https:\/\/planesp.com\/en\/wp-content\/uploads\/2020\/12\/rediseno_de_oficinas_Corporativas_3-992x661.jpg 992w, https:\/\/planesp.com\/en\/wp-content\/uploads\/2020\/12\/rediseno_de_oficinas_Corporativas_3-1170x780.jpg 1170w, https:\/\/planesp.com\/en\/wp-content\/uploads\/2020\/12\/rediseno_de_oficinas_Corporativas_3.jpg 1800w\" sizes=\"auto, (max-width: 1024px) 100vw, 1024px\" \/><\/figure>\n\n\n\n<div class=\"wp-block-zd-columns row\">\n<div class=\"wp-block-zd-column col-lg\">\n<figure class=\"wp-block-image alignwide size-large\"><img loading=\"lazy\" decoding=\"async\" width=\"1024\" height=\"683\" src=\"https:\/\/planesp.com\/en\/wp-content\/uploads\/2020\/12\/rediseno_de_oficinas_Corporativas_7-1024x683.jpg\" alt=\"\" class=\"wp-image-1815\" srcset=\"https:\/\/planesp.com\/en\/wp-content\/uploads\/2020\/12\/rediseno_de_oficinas_Corporativas_7-1024x683.jpg 1024w, https:\/\/planesp.com\/en\/wp-content\/uploads\/2020\/12\/rediseno_de_oficinas_Corporativas_7-300x200.jpg 300w, https:\/\/planesp.com\/en\/wp-content\/uploads\/2020\/12\/rediseno_de_oficinas_Corporativas_7-768x512.jpg 768w, https:\/\/planesp.com\/en\/wp-content\/uploads\/2020\/12\/rediseno_de_oficinas_Corporativas_7-1536x1024.jpg 1536w, https:\/\/planesp.com\/en\/wp-content\/uploads\/2020\/12\/rediseno_de_oficinas_Corporativas_7-600x400.jpg 600w, https:\/\/planesp.com\/en\/wp-content\/uploads\/2020\/12\/rediseno_de_oficinas_Corporativas_7-560x373.jpg 560w, https:\/\/planesp.com\/en\/wp-content\/uploads\/2020\/12\/rediseno_de_oficinas_Corporativas_7-992x661.jpg 992w, https:\/\/planesp.com\/en\/wp-content\/uploads\/2020\/12\/rediseno_de_oficinas_Corporativas_7-1170x780.jpg 1170w, https:\/\/planesp.com\/en\/wp-content\/uploads\/2020\/12\/rediseno_de_oficinas_Corporativas_7.jpg 1800w\" sizes=\"auto, (max-width: 1024px) 100vw, 1024px\" \/><\/figure>\n<\/div>\n\n\n\n<div class=\"wp-block-zd-column col-lg\">\n<figure class=\"wp-block-image alignwide size-large\"><img loading=\"lazy\" decoding=\"async\" width=\"1024\" height=\"683\" src=\"https:\/\/planesp.com\/en\/wp-content\/uploads\/2020\/12\/rediseno_de_oficinas_Corporativas_6-1024x683.jpg\" alt=\"\" class=\"wp-image-1814\" srcset=\"https:\/\/planesp.com\/en\/wp-content\/uploads\/2020\/12\/rediseno_de_oficinas_Corporativas_6-1024x683.jpg 1024w, https:\/\/planesp.com\/en\/wp-content\/uploads\/2020\/12\/rediseno_de_oficinas_Corporativas_6-300x200.jpg 300w, https:\/\/planesp.com\/en\/wp-content\/uploads\/2020\/12\/rediseno_de_oficinas_Corporativas_6-768x512.jpg 768w, https:\/\/planesp.com\/en\/wp-content\/uploads\/2020\/12\/rediseno_de_oficinas_Corporativas_6-1536x1024.jpg 1536w, https:\/\/planesp.com\/en\/wp-content\/uploads\/2020\/12\/rediseno_de_oficinas_Corporativas_6-600x400.jpg 600w, https:\/\/planesp.com\/en\/wp-content\/uploads\/2020\/12\/rediseno_de_oficinas_Corporativas_6-560x373.jpg 560w, https:\/\/planesp.com\/en\/wp-content\/uploads\/2020\/12\/rediseno_de_oficinas_Corporativas_6-992x661.jpg 992w, https:\/\/planesp.com\/en\/wp-content\/uploads\/2020\/12\/rediseno_de_oficinas_Corporativas_6-1170x780.jpg 1170w, https:\/\/planesp.com\/en\/wp-content\/uploads\/2020\/12\/rediseno_de_oficinas_Corporativas_6.jpg 1800w\" sizes=\"auto, (max-width: 1024px) 100vw, 1024px\" \/><\/figure>\n<\/div>\n<\/div>\n\n\n\n\n\n\n\n<figure class=\"wp-block-image alignwide size-large\"><img loading=\"lazy\" decoding=\"async\" width=\"1024\" height=\"683\" src=\"https:\/\/planesp.com\/en\/wp-content\/uploads\/2020\/12\/rediseno_de_oficinas_Corporativas_5-1024x683.jpg\" alt=\"\" class=\"wp-image-1813\" srcset=\"https:\/\/planesp.com\/en\/wp-content\/uploads\/2020\/12\/rediseno_de_oficinas_Corporativas_5-1024x683.jpg 1024w, https:\/\/planesp.com\/en\/wp-content\/uploads\/2020\/12\/rediseno_de_oficinas_Corporativas_5-300x200.jpg 300w, https:\/\/planesp.com\/en\/wp-content\/uploads\/2020\/12\/rediseno_de_oficinas_Corporativas_5-768x512.jpg 768w, https:\/\/planesp.com\/en\/wp-content\/uploads\/2020\/12\/rediseno_de_oficinas_Corporativas_5-1536x1024.jpg 1536w, https:\/\/planesp.com\/en\/wp-content\/uploads\/2020\/12\/rediseno_de_oficinas_Corporativas_5-600x400.jpg 600w, https:\/\/planesp.com\/en\/wp-content\/uploads\/2020\/12\/rediseno_de_oficinas_Corporativas_5-560x373.jpg 560w, https:\/\/planesp.com\/en\/wp-content\/uploads\/2020\/12\/rediseno_de_oficinas_Corporativas_5-992x661.jpg 992w, https:\/\/planesp.com\/en\/wp-content\/uploads\/2020\/12\/rediseno_de_oficinas_Corporativas_5-1170x780.jpg 1170w, https:\/\/planesp.com\/en\/wp-content\/uploads\/2020\/12\/rediseno_de_oficinas_Corporativas_5.jpg 1800w\" sizes=\"auto, (max-width: 1024px) 100vw, 1024px\" \/><\/figure>\n\n\n\n<div class=\"wp-block-zd-columns row\">\n<div class=\"wp-block-zd-column col-lg\">\n<figure class=\"wp-block-image alignwide size-large\"><img loading=\"lazy\" decoding=\"async\" width=\"1024\" height=\"678\" src=\"https:\/\/planesp.com\/en\/wp-content\/uploads\/2020\/10\/eastman9-1024x678.jpg\" alt=\"\" class=\"wp-image-1521\" srcset=\"https:\/\/planesp.com\/en\/wp-content\/uploads\/2020\/10\/eastman9-1024x678.jpg 1024w, https:\/\/planesp.com\/en\/wp-content\/uploads\/2020\/10\/eastman9-300x199.jpg 300w, https:\/\/planesp.com\/en\/wp-content\/uploads\/2020\/10\/eastman9-768x509.jpg 768w, https:\/\/planesp.com\/en\/wp-content\/uploads\/2020\/10\/eastman9-560x371.jpg 560w, https:\/\/planesp.com\/en\/wp-content\/uploads\/2020\/10\/eastman9-992x657.jpg 992w, https:\/\/planesp.com\/en\/wp-content\/uploads\/2020\/10\/eastman9-1170x775.jpg 1170w, https:\/\/planesp.com\/en\/wp-content\/uploads\/2020\/10\/eastman9.jpg 1200w\" sizes=\"auto, (max-width: 1024px) 100vw, 1024px\" \/><\/figure>\n<\/div>\n\n\n\n<div class=\"wp-block-zd-column col-lg\">\n<figure class=\"wp-block-image alignwide size-large\"><img loading=\"lazy\" decoding=\"async\" width=\"1024\" height=\"678\" src=\"https:\/\/planesp.com\/en\/wp-content\/uploads\/2020\/10\/eastman11-1024x678.jpg\" alt=\"\" class=\"wp-image-1523\" srcset=\"https:\/\/planesp.com\/en\/wp-content\/uploads\/2020\/10\/eastman11-1024x678.jpg 1024w, https:\/\/planesp.com\/en\/wp-content\/uploads\/2020\/10\/eastman11-300x199.jpg 300w, https:\/\/planesp.com\/en\/wp-content\/uploads\/2020\/10\/eastman11-768x509.jpg 768w, https:\/\/planesp.com\/en\/wp-content\/uploads\/2020\/10\/eastman11-560x371.jpg 560w, https:\/\/planesp.com\/en\/wp-content\/uploads\/2020\/10\/eastman11-992x657.jpg 992w, https:\/\/planesp.com\/en\/wp-content\/uploads\/2020\/10\/eastman11-1170x775.jpg 1170w, https:\/\/planesp.com\/en\/wp-content\/uploads\/2020\/10\/eastman11.jpg 1200w\" sizes=\"auto, (max-width: 1024px) 100vw, 1024px\" \/><\/figure>\n<\/div>\n<\/div>\n\n\n\n<figure class=\"wp-block-image alignwide size-large\"><img loading=\"lazy\" decoding=\"async\" width=\"1024\" height=\"683\" src=\"https:\/\/planesp.com\/en\/wp-content\/uploads\/2020\/12\/rediseno_de_oficinas_Corporativas_4-1024x683.jpg\" alt=\"\" class=\"wp-image-1812\" srcset=\"https:\/\/planesp.com\/en\/wp-content\/uploads\/2020\/12\/rediseno_de_oficinas_Corporativas_4-1024x683.jpg 1024w, https:\/\/planesp.com\/en\/wp-content\/uploads\/2020\/12\/rediseno_de_oficinas_Corporativas_4-300x200.jpg 300w, https:\/\/planesp.com\/en\/wp-content\/uploads\/2020\/12\/rediseno_de_oficinas_Corporativas_4-768x512.jpg 768w, https:\/\/planesp.com\/en\/wp-content\/uploads\/2020\/12\/rediseno_de_oficinas_Corporativas_4-1536x1024.jpg 1536w, https:\/\/planesp.com\/en\/wp-content\/uploads\/2020\/12\/rediseno_de_oficinas_Corporativas_4-600x400.jpg 600w, https:\/\/planesp.com\/en\/wp-content\/uploads\/2020\/12\/rediseno_de_oficinas_Corporativas_4-560x373.jpg 560w, https:\/\/planesp.com\/en\/wp-content\/uploads\/2020\/12\/rediseno_de_oficinas_Corporativas_4-992x661.jpg 992w, https:\/\/planesp.com\/en\/wp-content\/uploads\/2020\/12\/rediseno_de_oficinas_Corporativas_4-1170x780.jpg 1170w, https:\/\/planesp.com\/en\/wp-content\/uploads\/2020\/12\/rediseno_de_oficinas_Corporativas_4.jpg 1800w\" sizes=\"auto, (max-width: 1024px) 100vw, 1024px\" \/><\/figure>\n\n\n\n<figure class=\"wp-block-image alignwide size-large\"><img loading=\"lazy\" decoding=\"async\" width=\"1024\" height=\"683\" src=\"https:\/\/planesp.com\/en\/wp-content\/uploads\/2020\/12\/rediseno_de_oficinas_Corporativas_9-1024x683.jpg\" alt=\"\" class=\"wp-image-1817\" srcset=\"https:\/\/planesp.com\/en\/wp-content\/uploads\/2020\/12\/rediseno_de_oficinas_Corporativas_9-1024x683.jpg 1024w, https:\/\/planesp.com\/en\/wp-content\/uploads\/2020\/12\/rediseno_de_oficinas_Corporativas_9-300x200.jpg 300w, https:\/\/planesp.com\/en\/wp-content\/uploads\/2020\/12\/rediseno_de_oficinas_Corporativas_9-768x512.jpg 768w, https:\/\/planesp.com\/en\/wp-content\/uploads\/2020\/12\/rediseno_de_oficinas_Corporativas_9-1536x1024.jpg 1536w, https:\/\/planesp.com\/en\/wp-content\/uploads\/2020\/12\/rediseno_de_oficinas_Corporativas_9-600x400.jpg 600w, https:\/\/planesp.com\/en\/wp-content\/uploads\/2020\/12\/rediseno_de_oficinas_Corporativas_9-560x373.jpg 560w, https:\/\/planesp.com\/en\/wp-content\/uploads\/2020\/12\/rediseno_de_oficinas_Corporativas_9-992x661.jpg 992w, https:\/\/planesp.com\/en\/wp-content\/uploads\/2020\/12\/rediseno_de_oficinas_Corporativas_9-1170x780.jpg 1170w, https:\/\/planesp.com\/en\/wp-content\/uploads\/2020\/12\/rediseno_de_oficinas_Corporativas_9.jpg 1800w\" sizes=\"auto, (max-width: 1024px) 100vw, 1024px\" \/><\/figure>\n\n\n\n<p>Destaca la alfombra modular marca Mohawk. El color azul de la alfombra contrasta con el color corporativo y aporta al ambiente agradable de trabajo. En el \u00e1rea abierta utilizamos muebles Herman Miller y<br \/>complementamos \u00e1reas informales con muebles y l\u00e1mparas de diversos proveedores.<br \/>A pesar de que no cont\u00e1bamos con una gran altura libre, pudimos cubrir todas las instalaciones que corren sobre el techo bajo de la losa con un plaf\u00f3n modular USG.<\/p>\n\n\n\n<div class=\"wp-block-zd-columns row\">\n<div class=\"wp-block-zd-column col-lg\">\n<figure class=\"wp-block-image alignwide size-large\"><img loading=\"lazy\" decoding=\"async\" width=\"683\" height=\"1024\" src=\"https:\/\/planesp.com\/en\/wp-content\/uploads\/2020\/10\/rediseno_de_oficinas_Corporativas_14-1-683x1024.jpg\" alt=\"\" class=\"wp-image-1825\" srcset=\"https:\/\/planesp.com\/en\/wp-content\/uploads\/2020\/10\/rediseno_de_oficinas_Corporativas_14-1-683x1024.jpg 683w, https:\/\/planesp.com\/en\/wp-content\/uploads\/2020\/10\/rediseno_de_oficinas_Corporativas_14-1-200x300.jpg 200w, https:\/\/planesp.com\/en\/wp-content\/uploads\/2020\/10\/rediseno_de_oficinas_Corporativas_14-1-768x1152.jpg 768w, https:\/\/planesp.com\/en\/wp-content\/uploads\/2020\/10\/rediseno_de_oficinas_Corporativas_14-1-1024x1536.jpg 1024w, https:\/\/planesp.com\/en\/wp-content\/uploads\/2020\/10\/rediseno_de_oficinas_Corporativas_14-1-560x840.jpg 560w, https:\/\/planesp.com\/en\/wp-content\/uploads\/2020\/10\/rediseno_de_oficinas_Corporativas_14-1-992x1488.jpg 992w, https:\/\/planesp.com\/en\/wp-content\/uploads\/2020\/10\/rediseno_de_oficinas_Corporativas_14-1-1170x1755.jpg 1170w, https:\/\/planesp.com\/en\/wp-content\/uploads\/2020\/10\/rediseno_de_oficinas_Corporativas_14-1.jpg 1200w\" sizes=\"auto, (max-width: 683px) 100vw, 683px\" \/><\/figure>\n<\/div>\n\n\n\n<div class=\"wp-block-zd-column col-lg\"><\/div>\n<\/div>\n\n\n\n<div class=\"wp-block-image\"><figure class=\"aligncenter size-large\"><img loading=\"lazy\" decoding=\"async\" width=\"1024\" height=\"683\" src=\"https:\/\/planesp.com\/en\/wp-content\/uploads\/2020\/12\/rediseno_de_oficinas_Corporativas_13-1024x683.jpg\" alt=\"\" class=\"wp-image-1821\" srcset=\"https:\/\/planesp.com\/en\/wp-content\/uploads\/2020\/12\/rediseno_de_oficinas_Corporativas_13-1024x683.jpg 1024w, https:\/\/planesp.com\/en\/wp-content\/uploads\/2020\/12\/rediseno_de_oficinas_Corporativas_13-300x200.jpg 300w, https:\/\/planesp.com\/en\/wp-content\/uploads\/2020\/12\/rediseno_de_oficinas_Corporativas_13-768x512.jpg 768w, https:\/\/planesp.com\/en\/wp-content\/uploads\/2020\/12\/rediseno_de_oficinas_Corporativas_13-1536x1024.jpg 1536w, https:\/\/planesp.com\/en\/wp-content\/uploads\/2020\/12\/rediseno_de_oficinas_Corporativas_13-600x400.jpg 600w, https:\/\/planesp.com\/en\/wp-content\/uploads\/2020\/12\/rediseno_de_oficinas_Corporativas_13-560x373.jpg 560w, https:\/\/planesp.com\/en\/wp-content\/uploads\/2020\/12\/rediseno_de_oficinas_Corporativas_13-992x661.jpg 992w, https:\/\/planesp.com\/en\/wp-content\/uploads\/2020\/12\/rediseno_de_oficinas_Corporativas_13-1170x780.jpg 1170w, https:\/\/planesp.com\/en\/wp-content\/uploads\/2020\/12\/rediseno_de_oficinas_Corporativas_13.jpg 1800w\" sizes=\"auto, (max-width: 1024px) 100vw, 1024px\" \/><\/figure><\/div>\n","protected":false},"excerpt":{"rendered":"<p>Destaca la alfombra modular marca Mohawk. El color azul de la alfombra contrasta con el color corporativo y aporta al ambiente agradable de trabajo. En el \u00e1rea abierta utilizamos muebles Herman Miller ycomplementamos \u00e1reas informales con muebles y l\u00e1mparas de diversos proveedores.A pesar de que no cont\u00e1bamos con una gran altura libre, pudimos cubrir todas [&hellip;]<\/p>\n","protected":false},"author":1,"featured_media":1809,"comment_status":"closed","ping_status":"closed","template":"","class_list":["post-1527","projects","type-projects","status-publish","has-post-thumbnail","hentry"],"yoast_head":"<!-- This site is optimized with the Yoast SEO plugin v27.5 - https:\/\/yoast.com\/product\/yoast-seo-wordpress\/ -->\n<title>Remodelaci\u00f3n de Oficinas, Remodelaci\u00f3n de Oficinas M\u00e9xico<\/title>\n<meta name=\"description\" content=\"Proyecto de Remodelaci\u00f3n de Oficinas, Remodelaci\u00f3n de Oficinas M\u00e9xico, Casos de remodelaci\u00f3n de oficinas en M\u00e9xico\" \/>\n<meta name=\"robots\" content=\"index, follow, max-snippet:-1, max-image-preview:large, max-video-preview:-1\" \/>\n<link rel=\"canonical\" href=\"https:\/\/planesp.com\/en\/projects\/eastman\/\" \/>\n<meta property=\"og:locale\" content=\"en_US\" \/>\n<meta property=\"og:type\" content=\"article\" \/>\n<meta property=\"og:title\" content=\"Remodelaci\u00f3n de Oficinas, Remodelaci\u00f3n de Oficinas M\u00e9xico\" \/>\n<meta property=\"og:description\" content=\"Proyecto de Remodelaci\u00f3n de Oficinas, Remodelaci\u00f3n de Oficinas M\u00e9xico, Casos de remodelaci\u00f3n de oficinas en M\u00e9xico\" \/>\n<meta property=\"og:url\" content=\"https:\/\/planesp.com\/en\/projects\/eastman\/\" \/>\n<meta property=\"og:site_name\" content=\"Planeaci\u00f3n de Espacios\" \/>\n<meta property=\"article:publisher\" content=\"http:\/\/facebook.com\/planeaciondeespacios\" \/>\n<meta property=\"article:modified_time\" content=\"2022-01-27T17:36:05+00:00\" \/>\n<meta property=\"og:image\" content=\"https:\/\/planesp.com\/en\/wp-content\/uploads\/2020\/12\/rediseno_de_oficinas_Corporativas_1.jpg\" \/>\n\t<meta property=\"og:image:width\" content=\"1800\" \/>\n\t<meta property=\"og:image:height\" content=\"1142\" \/>\n\t<meta property=\"og:image:type\" content=\"image\/jpeg\" \/>\n<meta name=\"twitter:card\" content=\"summary_large_image\" \/>\n<meta name=\"twitter:site\" content=\"@planeacionesp\" \/>\n<meta name=\"twitter:label1\" content=\"Est. reading time\" \/>\n\t<meta name=\"twitter:data1\" content=\"3 minutes\" \/>\n<script type=\"application\/ld+json\" class=\"yoast-schema-graph\">{\"@context\":\"https:\\\/\\\/schema.org\",\"@graph\":[{\"@type\":\"WebPage\",\"@id\":\"https:\\\/\\\/planesp.com\\\/en\\\/projects\\\/eastman\\\/\",\"url\":\"https:\\\/\\\/planesp.com\\\/en\\\/projects\\\/eastman\\\/\",\"name\":\"Remodelaci\u00f3n de Oficinas, Remodelaci\u00f3n de Oficinas M\u00e9xico\",\"isPartOf\":{\"@id\":\"https:\\\/\\\/planesp.com\\\/en\\\/#website\"},\"primaryImageOfPage\":{\"@id\":\"https:\\\/\\\/planesp.com\\\/en\\\/projects\\\/eastman\\\/#primaryimage\"},\"image\":{\"@id\":\"https:\\\/\\\/planesp.com\\\/en\\\/projects\\\/eastman\\\/#primaryimage\"},\"thumbnailUrl\":\"https:\\\/\\\/planesp.com\\\/en\\\/wp-content\\\/uploads\\\/2020\\\/12\\\/rediseno_de_oficinas_Corporativas_1.jpg\",\"datePublished\":\"2020-10-23T15:35:43+00:00\",\"dateModified\":\"2022-01-27T17:36:05+00:00\",\"description\":\"Proyecto de Remodelaci\u00f3n de Oficinas, Remodelaci\u00f3n de Oficinas M\u00e9xico, Casos de remodelaci\u00f3n de oficinas en M\u00e9xico\",\"breadcrumb\":{\"@id\":\"https:\\\/\\\/planesp.com\\\/en\\\/projects\\\/eastman\\\/#breadcrumb\"},\"inLanguage\":\"en-US\",\"potentialAction\":[{\"@type\":\"ReadAction\",\"target\":[\"https:\\\/\\\/planesp.com\\\/en\\\/projects\\\/eastman\\\/\"]}]},{\"@type\":\"ImageObject\",\"inLanguage\":\"en-US\",\"@id\":\"https:\\\/\\\/planesp.com\\\/en\\\/projects\\\/eastman\\\/#primaryimage\",\"url\":\"https:\\\/\\\/planesp.com\\\/en\\\/wp-content\\\/uploads\\\/2020\\\/12\\\/rediseno_de_oficinas_Corporativas_1.jpg\",\"contentUrl\":\"https:\\\/\\\/planesp.com\\\/en\\\/wp-content\\\/uploads\\\/2020\\\/12\\\/rediseno_de_oficinas_Corporativas_1.jpg\",\"width\":1800,\"height\":1142},{\"@type\":\"BreadcrumbList\",\"@id\":\"https:\\\/\\\/planesp.com\\\/en\\\/projects\\\/eastman\\\/#breadcrumb\",\"itemListElement\":[{\"@type\":\"ListItem\",\"position\":1,\"name\":\"Portada\",\"item\":\"https:\\\/\\\/planesp.com\\\/en\\\/\"},{\"@type\":\"ListItem\",\"position\":2,\"name\":\"Projects\",\"item\":\"https:\\\/\\\/planesp.com\\\/en\\\/projects\\\/\"},{\"@type\":\"ListItem\",\"position\":3,\"name\":\"Eastman\"}]},{\"@type\":\"WebSite\",\"@id\":\"https:\\\/\\\/planesp.com\\\/en\\\/#website\",\"url\":\"https:\\\/\\\/planesp.com\\\/en\\\/\",\"name\":\"Planeaci\u00f3n de Espacios\",\"description\":\"Especialistas en Dise\u00f1o de Oficinas\",\"publisher\":{\"@id\":\"https:\\\/\\\/planesp.com\\\/en\\\/#organization\"},\"potentialAction\":[{\"@type\":\"SearchAction\",\"target\":{\"@type\":\"EntryPoint\",\"urlTemplate\":\"https:\\\/\\\/planesp.com\\\/en\\\/?s={search_term_string}\"},\"query-input\":{\"@type\":\"PropertyValueSpecification\",\"valueRequired\":true,\"valueName\":\"search_term_string\"}}],\"inLanguage\":\"en-US\"},{\"@type\":\"Organization\",\"@id\":\"https:\\\/\\\/planesp.com\\\/en\\\/#organization\",\"name\":\"Planeaci\u00f3n de Espacios\",\"url\":\"https:\\\/\\\/planesp.com\\\/en\\\/\",\"logo\":{\"@type\":\"ImageObject\",\"inLanguage\":\"en-US\",\"@id\":\"https:\\\/\\\/planesp.com\\\/en\\\/#\\\/schema\\\/logo\\\/image\\\/\",\"url\":\"https:\\\/\\\/planesp.com\\\/en\\\/wp-content\\\/uploads\\\/2016\\\/06\\\/logo-pe-login.jpg\",\"contentUrl\":\"https:\\\/\\\/planesp.com\\\/en\\\/wp-content\\\/uploads\\\/2016\\\/06\\\/logo-pe-login.jpg\",\"width\":250,\"height\":80,\"caption\":\"Planeaci\u00f3n de Espacios\"},\"image\":{\"@id\":\"https:\\\/\\\/planesp.com\\\/en\\\/#\\\/schema\\\/logo\\\/image\\\/\"},\"sameAs\":[\"http:\\\/\\\/facebook.com\\\/planeaciondeespacios\",\"https:\\\/\\\/x.com\\\/planeacionesp\",\"https:\\\/\\\/www.instagram.com\\\/planeaciondeespacios\\\/\",\"https:\\\/\\\/www.linkedin.com\\\/company\\\/planeaci\u00f3n-de-espacios-s-a--de-c-v-\\\/\"]}]}<\/script>\n<!-- \/ Yoast SEO plugin. -->","yoast_head_json":{"title":"Remodelaci\u00f3n de Oficinas, Remodelaci\u00f3n de Oficinas M\u00e9xico","description":"Proyecto de Remodelaci\u00f3n de Oficinas, Remodelaci\u00f3n de Oficinas M\u00e9xico, Casos de remodelaci\u00f3n de oficinas en M\u00e9xico","robots":{"index":"index","follow":"follow","max-snippet":"max-snippet:-1","max-image-preview":"max-image-preview:large","max-video-preview":"max-video-preview:-1"},"canonical":"https:\/\/planesp.com\/en\/projects\/eastman\/","og_locale":"en_US","og_type":"article","og_title":"Remodelaci\u00f3n de Oficinas, Remodelaci\u00f3n de Oficinas M\u00e9xico","og_description":"Proyecto de Remodelaci\u00f3n de Oficinas, Remodelaci\u00f3n de Oficinas M\u00e9xico, Casos de remodelaci\u00f3n de oficinas en M\u00e9xico","og_url":"https:\/\/planesp.com\/en\/projects\/eastman\/","og_site_name":"Planeaci\u00f3n de Espacios","article_publisher":"http:\/\/facebook.com\/planeaciondeespacios","article_modified_time":"2022-01-27T17:36:05+00:00","og_image":[{"width":1800,"height":1142,"url":"https:\/\/planesp.com\/en\/wp-content\/uploads\/2020\/12\/rediseno_de_oficinas_Corporativas_1.jpg","type":"image\/jpeg"}],"twitter_card":"summary_large_image","twitter_site":"@planeacionesp","twitter_misc":{"Est. reading time":"3 minutes"},"schema":{"@context":"https:\/\/schema.org","@graph":[{"@type":"WebPage","@id":"https:\/\/planesp.com\/en\/projects\/eastman\/","url":"https:\/\/planesp.com\/en\/projects\/eastman\/","name":"Remodelaci\u00f3n de Oficinas, Remodelaci\u00f3n de Oficinas M\u00e9xico","isPartOf":{"@id":"https:\/\/planesp.com\/en\/#website"},"primaryImageOfPage":{"@id":"https:\/\/planesp.com\/en\/projects\/eastman\/#primaryimage"},"image":{"@id":"https:\/\/planesp.com\/en\/projects\/eastman\/#primaryimage"},"thumbnailUrl":"https:\/\/planesp.com\/en\/wp-content\/uploads\/2020\/12\/rediseno_de_oficinas_Corporativas_1.jpg","datePublished":"2020-10-23T15:35:43+00:00","dateModified":"2022-01-27T17:36:05+00:00","description":"Proyecto de Remodelaci\u00f3n de Oficinas, Remodelaci\u00f3n de Oficinas M\u00e9xico, Casos de remodelaci\u00f3n de oficinas en M\u00e9xico","breadcrumb":{"@id":"https:\/\/planesp.com\/en\/projects\/eastman\/#breadcrumb"},"inLanguage":"en-US","potentialAction":[{"@type":"ReadAction","target":["https:\/\/planesp.com\/en\/projects\/eastman\/"]}]},{"@type":"ImageObject","inLanguage":"en-US","@id":"https:\/\/planesp.com\/en\/projects\/eastman\/#primaryimage","url":"https:\/\/planesp.com\/en\/wp-content\/uploads\/2020\/12\/rediseno_de_oficinas_Corporativas_1.jpg","contentUrl":"https:\/\/planesp.com\/en\/wp-content\/uploads\/2020\/12\/rediseno_de_oficinas_Corporativas_1.jpg","width":1800,"height":1142},{"@type":"BreadcrumbList","@id":"https:\/\/planesp.com\/en\/projects\/eastman\/#breadcrumb","itemListElement":[{"@type":"ListItem","position":1,"name":"Portada","item":"https:\/\/planesp.com\/en\/"},{"@type":"ListItem","position":2,"name":"Projects","item":"https:\/\/planesp.com\/en\/projects\/"},{"@type":"ListItem","position":3,"name":"Eastman"}]},{"@type":"WebSite","@id":"https:\/\/planesp.com\/en\/#website","url":"https:\/\/planesp.com\/en\/","name":"Planeaci\u00f3n de Espacios","description":"Especialistas en Dise\u00f1o de Oficinas","publisher":{"@id":"https:\/\/planesp.com\/en\/#organization"},"potentialAction":[{"@type":"SearchAction","target":{"@type":"EntryPoint","urlTemplate":"https:\/\/planesp.com\/en\/?s={search_term_string}"},"query-input":{"@type":"PropertyValueSpecification","valueRequired":true,"valueName":"search_term_string"}}],"inLanguage":"en-US"},{"@type":"Organization","@id":"https:\/\/planesp.com\/en\/#organization","name":"Planeaci\u00f3n de Espacios","url":"https:\/\/planesp.com\/en\/","logo":{"@type":"ImageObject","inLanguage":"en-US","@id":"https:\/\/planesp.com\/en\/#\/schema\/logo\/image\/","url":"https:\/\/planesp.com\/en\/wp-content\/uploads\/2016\/06\/logo-pe-login.jpg","contentUrl":"https:\/\/planesp.com\/en\/wp-content\/uploads\/2016\/06\/logo-pe-login.jpg","width":250,"height":80,"caption":"Planeaci\u00f3n de Espacios"},"image":{"@id":"https:\/\/planesp.com\/en\/#\/schema\/logo\/image\/"},"sameAs":["http:\/\/facebook.com\/planeaciondeespacios","https:\/\/x.com\/planeacionesp","https:\/\/www.instagram.com\/planeaciondeespacios\/","https:\/\/www.linkedin.com\/company\/planeaci\u00f3n-de-espacios-s-a--de-c-v-\/"]}]}},"_links":{"self":[{"href":"https:\/\/planesp.com\/en\/wp-json\/wp\/v2\/projects\/1527","targetHints":{"allow":["GET"]}}],"collection":[{"href":"https:\/\/planesp.com\/en\/wp-json\/wp\/v2\/projects"}],"about":[{"href":"https:\/\/planesp.com\/en\/wp-json\/wp\/v2\/types\/projects"}],"author":[{"embeddable":true,"href":"https:\/\/planesp.com\/en\/wp-json\/wp\/v2\/users\/1"}],"replies":[{"embeddable":true,"href":"https:\/\/planesp.com\/en\/wp-json\/wp\/v2\/comments?post=1527"}],"wp:featuredmedia":[{"embeddable":true,"href":"https:\/\/planesp.com\/en\/wp-json\/wp\/v2\/media\/1809"}],"wp:attachment":[{"href":"https:\/\/planesp.com\/en\/wp-json\/wp\/v2\/media?parent=1527"}],"curies":[{"name":"wp","href":"https:\/\/api.w.org\/{rel}","templated":true}]}}